{"id":38365,"date":"2023-06-21T12:27:06","date_gmt":"2023-06-21T10:27:06","guid":{"rendered":"https:\/\/www.alpinapartments.at\/region\/"},"modified":"2025-12-19T08:39:16","modified_gmt":"2025-12-19T07:39:16","slug":"region","status":"publish","type":"page","link":"https:\/\/www.alpinapartments.at\/en\/region\/","title":{"rendered":"Region"},"content":{"rendered":"<div class=\"gb-container gb-container-add0d5da gb-container-hero-allgemein\">\n<div class=\"gb-grid-wrapper gb-grid-wrapper-84e43d30 gb-grid-wrapper-medium\">\n<div class=\"gb-grid-column gb-grid-column-227adec0\"><div class=\"gb-container gb-container-227adec0\">\n\n<figure class=\"gb-block-image gb-block-image-5502a89c\"><img decoding=\"async\" width=\"1832\" height=\"2560\" class=\"gb-image gb-image-5502a89c\" src=\"https:\/\/www.alpinapartments.at\/wp-content\/uploads\/Kanisfluh4-scaled.jpg\" alt=\"\" title=\"Stunning sunset on Kanisfluh, Austria\" srcset=\"https:\/\/www.alpinapartments.at\/wp-content\/uploads\/Kanisfluh4-scaled.jpg 1832w, https:\/\/www.alpinapartments.at\/wp-content\/uploads\/Kanisfluh4-215x300.jpg 215w, https:\/\/www.alpinapartments.at\/wp-content\/uploads\/Kanisfluh4-733x1024.jpg 733w, https:\/\/www.alpinapartments.at\/wp-content\/uploads\/Kanisfluh4-768x1073.jpg 768w, https:\/\/www.alpinapartments.at\/wp-content\/uploads\/Kanisfluh4-1099x1536.jpg 1099w, https:\/\/www.alpinapartments.at\/wp-content\/uploads\/Kanisfluh4-1466x2048.jpg 1466w\" sizes=\"(max-width: 1832px) 100vw, 1832px\" \/><\/figure>\n\n<\/div><\/div>\n\n<div class=\"gb-grid-column gb-grid-column-084e08d9\"><div class=\"gb-container gb-container-084e08d9\">\n\n<h1 class=\"gb-headline gb-headline-649d94b8 gb-headline-text\">BREGENZER\u00adWALD <br>&amp; GROSSES WALSERTAL<\/h1>\n\n\n\n<p class=\"gb-headline gb-headline-d651c83c gb-headline-text\">The Bregenzerwald captivates with traditional craftsmanship, distinctive architecture, and untouched natural landscapes.&nbsp;<br>The Gro\u00dfes Walsertal, a UNESCO Biosphere Reserve, represents pure nature and sustainable recreation. Here, you will find peace, alpine adventure, and warm hospitality in one of Austria\u2019s most beautiful mountain regions.<\/p>\n\n<\/div><\/div>\n<\/div>\n<\/div>\n\n<div class=\"gb-container gb-container-7606ad81 slider-main\">\n\n<h2 class=\"gb-headline gb-headline-7c94d87d gb-headline-text\">The Dam\u00fcls Region<\/h2>\n\n\n<div class=\"gb-container gb-container-1a0247e7 slider-row\">\n<div class=\"gb-container gb-container-57d4d198 slider-text-items\">\n<div class=\"gb-container gb-container-074c97d0\">\n\n<h3 class=\"gb-headline gb-headline-22431a33 gb-headline-text\">Snowiest village in the world&nbsp;<\/h3>\n\n\n\n<div class=\"gb-headline gb-headline-51a79dc5 gb-headline-text\">9\u201310 meters of natural snow every winter.<br>Guaranteed snow from December to April.<\/div>\n\n<\/div>\n\n<div class=\"gb-container gb-container-d98b2897\">\n\n<h3 class=\"gb-headline gb-headline-bb40ce38 gb-headline-text\">The ski paradise at your doorstep<\/h3>\n\n\n\n<div class=\"gb-headline gb-headline-78c22bfd gb-headline-text\">Start your ski day without traffic or waiting. At Alpenstolz, you can even carve straight from your doorstep onto the slopes.<\/div>\n\n<\/div>\n\n<div class=\"gb-container gb-container-419c8a0d\">\n\n<h3 class=\"gb-headline gb-headline-b252dd4c gb-headline-text\">Land of swings&nbsp;<\/h3>\n\n\n\n<div class=\"gb-headline gb-headline-cd76ef34 gb-headline-text\">Dam\u00fcls is also known as the \u201cLand of Swings\u201d \u2013 discover the swing hotspots around the region.<\/div>\n\n<\/div>\n\n<div class=\"gb-container gb-container-60f46e21\">\n\n<h3 class=\"gb-headline gb-headline-cc44b889 gb-headline-text\">60 minutes to paradise&nbsp;<\/h3>\n\n\n\n<div class=\"gb-headline gb-headline-b30426da gb-headline-text\">From the A14 Rheintal motorway in Bregenz or Dornbirn, it takes only about 60 minutes to reach this high-alpine world.<\/div>\n\n<\/div>\n<\/div>\n\n<div class=\"gb-container gb-container-f2c7ac29 slider-images\">\n\n<figure class=\"gb-block-image gb-block-image-b22782e0\"><img decoding=\"async\" width=\"1704\" height=\"2560\" class=\"gb-image gb-image-b22782e0\" src=\"https:\/\/www.alpinapartments.at\/wp-content\/uploads\/Alpinapartments-Alpenstolz-Damuels_Winter5-scaled.jpg\" alt=\"\" title=\"Alpinapartments-Alpenstolz-Damuels_Winter5\" srcset=\"https:\/\/www.alpinapartments.at\/wp-content\/uploads\/Alpinapartments-Alpenstolz-Damuels_Winter5-scaled.jpg 1704w, https:\/\/www.alpinapartments.at\/wp-content\/uploads\/Alpinapartments-Alpenstolz-Damuels_Winter5-200x300.jpg 200w, https:\/\/www.alpinapartments.at\/wp-content\/uploads\/Alpinapartments-Alpenstolz-Damuels_Winter5-682x1024.jpg 682w, https:\/\/www.alpinapartments.at\/wp-content\/uploads\/Alpinapartments-Alpenstolz-Damuels_Winter5-768x1154.jpg 768w, https:\/\/www.alpinapartments.at\/wp-content\/uploads\/Alpinapartments-Alpenstolz-Damuels_Winter5-1022x1536.jpg 1022w, https:\/\/www.alpinapartments.at\/wp-content\/uploads\/Alpinapartments-Alpenstolz-Damuels_Winter5-1363x2048.jpg 1363w\" sizes=\"(max-width: 1704px) 100vw, 1704px\" \/><\/figure>\n\n\n\n<figure class=\"gb-block-image gb-block-image-9b14138b\"><img decoding=\"async\" width=\"1707\" height=\"2560\" class=\"gb-image gb-image-9b14138b\" src=\"https:\/\/www.alpinapartments.at\/wp-content\/uploads\/Skitour-auf-das-Portlahorn-in-Damuels-c-Lukas-Holland-Damuels-Faschina-Tourismus-scaled.jpg\" alt=\"\" title=\"Skitour auf das Portlahorn in Dam\u00fcls (c) Lukas Holland - Dam\u00fcls Faschina Tourismus\" srcset=\"https:\/\/www.alpinapartments.at\/wp-content\/uploads\/Skitour-auf-das-Portlahorn-in-Damuels-c-Lukas-Holland-Damuels-Faschina-Tourismus-scaled.jpg 1707w, https:\/\/www.alpinapartments.at\/wp-content\/uploads\/Skitour-auf-das-Portlahorn-in-Damuels-c-Lukas-Holland-Damuels-Faschina-Tourismus-200x300.jpg 200w, https:\/\/www.alpinapartments.at\/wp-content\/uploads\/Skitour-auf-das-Portlahorn-in-Damuels-c-Lukas-Holland-Damuels-Faschina-Tourismus-683x1024.jpg 683w, https:\/\/www.alpinapartments.at\/wp-content\/uploads\/Skitour-auf-das-Portlahorn-in-Damuels-c-Lukas-Holland-Damuels-Faschina-Tourismus-768x1152.jpg 768w, https:\/\/www.alpinapartments.at\/wp-content\/uploads\/Skitour-auf-das-Portlahorn-in-Damuels-c-Lukas-Holland-Damuels-Faschina-Tourismus-1024x1536.jpg 1024w, https:\/\/www.alpinapartments.at\/wp-content\/uploads\/Skitour-auf-das-Portlahorn-in-Damuels-c-Lukas-Holland-Damuels-Faschina-Tourismus-1365x2048.jpg 1365w\" sizes=\"(max-width: 1707px) 100vw, 1707px\" \/><\/figure>\n\n\n\n<figure class=\"gb-block-image gb-block-image-fc654b71\"><img decoding=\"async\" width=\"1708\" height=\"2560\" class=\"gb-image gb-image-fc654b71\" src=\"https:\/\/www.alpinapartments.at\/wp-content\/uploads\/Schaukeln-in-Damuels-im-Winter-c-Martin-Morscher-Damuels-Faschina-Tourismus-scaled.jpg\" alt=\"\" title=\"Schaukeln in Dam\u00fcls im Winter (c) Martin Morscher - Dam\u00fcls Faschina Tourismus\" srcset=\"https:\/\/www.alpinapartments.at\/wp-content\/uploads\/Schaukeln-in-Damuels-im-Winter-c-Martin-Morscher-Damuels-Faschina-Tourismus-scaled.jpg 1708w, https:\/\/www.alpinapartments.at\/wp-content\/uploads\/Schaukeln-in-Damuels-im-Winter-c-Martin-Morscher-Damuels-Faschina-Tourismus-200x300.jpg 200w, https:\/\/www.alpinapartments.at\/wp-content\/uploads\/Schaukeln-in-Damuels-im-Winter-c-Martin-Morscher-Damuels-Faschina-Tourismus-683x1024.jpg 683w, https:\/\/www.alpinapartments.at\/wp-content\/uploads\/Schaukeln-in-Damuels-im-Winter-c-Martin-Morscher-Damuels-Faschina-Tourismus-768x1151.jpg 768w, https:\/\/www.alpinapartments.at\/wp-content\/uploads\/Schaukeln-in-Damuels-im-Winter-c-Martin-Morscher-Damuels-Faschina-Tourismus-1025x1536.jpg 1025w, https:\/\/www.alpinapartments.at\/wp-content\/uploads\/Schaukeln-in-Damuels-im-Winter-c-Martin-Morscher-Damuels-Faschina-Tourismus-1366x2048.jpg 1366w\" sizes=\"(max-width: 1708px) 100vw, 1708px\" \/><\/figure>\n\n\n\n<figure class=\"gb-block-image gb-block-image-42e42a04\"><img decoding=\"async\" width=\"800\" height=\"469\" class=\"gb-image gb-image-42e42a04\" src=\"https:\/\/www.alpinapartments.at\/wp-content\/uploads\/Langlaufen-in-Au-Schoppernau-c-Emanuel-Sutterluety-Au-Schoppernau-Tourismus-1.jpg\" alt=\"\" title=\"Langlaufen in Au-Schoppernau (c) Emanuel Sutterl\u00fcty - Au-Schoppernau Tourismus (1)\" srcset=\"https:\/\/www.alpinapartments.at\/wp-content\/uploads\/Langlaufen-in-Au-Schoppernau-c-Emanuel-Sutterluety-Au-Schoppernau-Tourismus-1.jpg 800w, https:\/\/www.alpinapartments.at\/wp-content\/uploads\/Langlaufen-in-Au-Schoppernau-c-Emanuel-Sutterluety-Au-Schoppernau-Tourismus-1-300x176.jpg 300w, https:\/\/www.alpinapartments.at\/wp-content\/uploads\/Langlaufen-in-Au-Schoppernau-c-Emanuel-Sutterluety-Au-Schoppernau-Tourismus-1-768x450.jpg 768w\" sizes=\"(max-width: 800px) 100vw, 800px\" \/><\/figure>\n\n<\/div>\n<\/div>\n<\/div>\n\n<div class=\"gb-container gb-container-7725572c gb-container-inner\">\n<div class=\"gb-grid-wrapper gb-grid-wrapper-77159018 gb-grid-wrapper-medium\">\n<div class=\"gb-grid-column gb-grid-column-7cb1eebe\"><div class=\"gb-container gb-container-7cb1eebe\">\n<div class=\"gb-container gb-container-d290af25 guest-card-img\">\n\n<div class=\"gb-headline gb-headline-93772291 gb-headline-text\">Guest Card Bregenzerwald<br>&amp; Gro\u00dfes Walsertal<\/div>\n\n<\/div>\n<\/div><\/div>\n\n<div class=\"gb-grid-column gb-grid-column-0718b31e\"><div class=\"gb-container gb-container-0718b31e\">\n\n<div class=\"gb-headline gb-headline-cf2a735e gb-headline-text\">Free Guest Card included<\/div>\n\n\n\n<h3 class=\"gb-headline gb-headline-88bf8a83 gb-headline-text\">Your ticket to the mountains<\/h3>\n\n\n\n<p class=\"gb-headline gb-headline-ddb3bd79 gb-headline-text\">If you stay with us for three or more nights between May 1 and October 31, you will receive the Bregenzerwald &amp; Gro\u00dfes Walsertal Guest Card free of charge. It allows you to use public buses and mountain lifts at no cost, enjoy free entry to swimming pools, and benefit from various discounts at partner businesses such as museums, outdoor providers, and shops.<\/p>\n\n\n\n<a class=\"gb-button gb-button-91338f2e gb-button-text gb-button-secondary\" href=\"https:\/\/www.bregenzerwald.at\/aktivitaet\/gaeste-card\/\" target=\"_blank\" rel=\"noopener noreferrer\">Learn more<\/a>\n\n<\/div><\/div>\n<\/div>\n<\/div>\n\n<div class=\"gb-container gb-container-01ab1894 slider-main\">\n\n<h2 class=\"gb-headline gb-headline-f8b76f23 gb-headline-text\">Winter in the Bregenzer\u00adwald<\/h2>\n\n\n<div class=\"gb-container gb-container-117867c6 slider-row\">\n<div class=\"gb-container gb-container-a47c70f5 slider-text-items\">\n<div class=\"gb-container gb-container-9c874126\">\n\n<h3 class=\"gb-headline gb-headline-ab1d27fd gb-headline-text\">Snow-sure Ski Area Dam\u00fcls\u2013Mellau\u2013Faschina<\/h3>\n\n\n\n<div class=\"gb-headline gb-headline-53e77e19 gb-headline-text\">Snow-sure Ski Area Dam\u00fcls\u2013Mellau\u2013Faschina<br>109 kilometers of slopes, 29 lifts and cable cars, and snowmaking systems that cover 80% of the pistes. Snow often lasts until the end of April.<\/div>\n\n<\/div>\n\n<div class=\"gb-container gb-container-ae367928\">\n\n<h3 class=\"gb-headline gb-headline-fdb5ca6e gb-headline-text\">Slopes for the whole family<\/h3>\n\n\n\n<div class=\"gb-headline gb-headline-5e3e1162 gb-headline-text\">Wide slopes, ski schools for children and adults, and cozy mountain huts for warming up \u2013 with hot chocolate, goulash soup, and classic Austrian desserts.<\/div>\n\n<\/div>\n\n<div class=\"gb-container gb-container-a8db2063\">\n\n<h3 class=\"gb-headline gb-headline-72113b70 gb-headline-text\">Freeride and snowboard hotspot<\/h3>\n\n\n\n<div class=\"gb-headline gb-headline-6afd5f14 gb-headline-text\">Plenty of deep-snow terrain, a snowpark and funpark, and numerous powder routes await all freeriders and adrenaline lovers.<\/div>\n\n<\/div>\n\n<div class=\"gb-container gb-container-728c081b\">\n\n<h3 class=\"gb-headline gb-headline-92cc1dd1 gb-headline-text\">Winter wonderland beyond the slopes<\/h3>\n\n\n\n<div class=\"gb-headline gb-headline-afbcf43d gb-headline-text\">Winter hiking, sledding, or cross-country skiing: even without skis, every winter day in Dam\u00fcls becomes a fairytale.<\/div>\n\n<\/div>\n<\/div>\n\n<div class=\"gb-container gb-container-fbe4af58 slider-images\">\n\n<figure class=\"gb-block-image gb-block-image-90fb94c5\"><img decoding=\"async\" width=\"2560\" height=\"1707\" class=\"gb-image gb-image-90fb94c5\" src=\"https:\/\/www.alpinapartments.at\/wp-content\/uploads\/alpinapartments-skifahre-c-lukas-holland.jpg\" alt=\"Skifahren\" title=\"alpinapartments-skifahre-(c)-lukas-holland\" srcset=\"https:\/\/www.alpinapartments.at\/wp-content\/uploads\/alpinapartments-skifahre-c-lukas-holland.jpg 2560w, https:\/\/www.alpinapartments.at\/wp-content\/uploads\/alpinapartments-skifahre-c-lukas-holland-300x200.jpg 300w, https:\/\/www.alpinapartments.at\/wp-content\/uploads\/alpinapartments-skifahre-c-lukas-holland-1024x683.jpg 1024w, https:\/\/www.alpinapartments.at\/wp-content\/uploads\/alpinapartments-skifahre-c-lukas-holland-768x512.jpg 768w, https:\/\/www.alpinapartments.at\/wp-content\/uploads\/alpinapartments-skifahre-c-lukas-holland-1536x1024.jpg 1536w, https:\/\/www.alpinapartments.at\/wp-content\/uploads\/alpinapartments-skifahre-c-lukas-holland-2048x1366.jpg 2048w\" sizes=\"(max-width: 2560px) 100vw, 2560px\" \/><\/figure>\n\n\n\n<figure class=\"gb-block-image gb-block-image-9f395b50\"><img decoding=\"async\" width=\"2560\" height=\"1707\" class=\"gb-image gb-image-9f395b50\" src=\"https:\/\/www.alpinapartments.at\/wp-content\/uploads\/alpinapartments-skitour-c-patrick-saley-photography.jpg\" alt=\"Skitour\" title=\"alpinapartments-skitour-(c)-patrick-saley-photography\" srcset=\"https:\/\/www.alpinapartments.at\/wp-content\/uploads\/alpinapartments-skitour-c-patrick-saley-photography.jpg 2560w, https:\/\/www.alpinapartments.at\/wp-content\/uploads\/alpinapartments-skitour-c-patrick-saley-photography-300x200.jpg 300w, https:\/\/www.alpinapartments.at\/wp-content\/uploads\/alpinapartments-skitour-c-patrick-saley-photography-1024x683.jpg 1024w, https:\/\/www.alpinapartments.at\/wp-content\/uploads\/alpinapartments-skitour-c-patrick-saley-photography-768x512.jpg 768w, https:\/\/www.alpinapartments.at\/wp-content\/uploads\/alpinapartments-skitour-c-patrick-saley-photography-1536x1024.jpg 1536w, https:\/\/www.alpinapartments.at\/wp-content\/uploads\/alpinapartments-skitour-c-patrick-saley-photography-2048x1366.jpg 2048w\" sizes=\"(max-width: 2560px) 100vw, 2560px\" \/><\/figure>\n\n\n\n<figure class=\"gb-block-image gb-block-image-3c700bb2\"><img decoding=\"async\" width=\"2560\" height=\"1707\" class=\"gb-image gb-image-3c700bb2\" src=\"https:\/\/www.alpinapartments.at\/wp-content\/uploads\/AdobeStock_2353565541.jpg\" alt=\"\" title=\"AlpinApartments_Skitouren_AdobeStock_235356554(1)\" srcset=\"https:\/\/www.alpinapartments.at\/wp-content\/uploads\/AdobeStock_2353565541.jpg 2560w, https:\/\/www.alpinapartments.at\/wp-content\/uploads\/AdobeStock_2353565541-300x200.jpg 300w, https:\/\/www.alpinapartments.at\/wp-content\/uploads\/AdobeStock_2353565541-1024x683.jpg 1024w, https:\/\/www.alpinapartments.at\/wp-content\/uploads\/AdobeStock_2353565541-768x512.jpg 768w, https:\/\/www.alpinapartments.at\/wp-content\/uploads\/AdobeStock_2353565541-1536x1024.jpg 1536w, https:\/\/www.alpinapartments.at\/wp-content\/uploads\/AdobeStock_2353565541-2048x1366.jpg 2048w\" sizes=\"(max-width: 2560px) 100vw, 2560px\" \/><\/figure>\n\n\n\n<figure class=\"gb-block-image gb-block-image-2cc3f0c0\"><img decoding=\"async\" width=\"2560\" height=\"1706\" class=\"gb-image gb-image-2cc3f0c0\" src=\"https:\/\/www.alpinapartments.at\/wp-content\/uploads\/Pause-beim-Winterwandern-in-Bizau-c-Alex-Kaiser-Bregenzerwald-Tourismus.jpg\" alt=\"\" title=\"AlpinApartments_Pause beim Winterwandern in Bizau (c) Alex Kaiser - Bregenzerwald Tourismus\" srcset=\"https:\/\/www.alpinapartments.at\/wp-content\/uploads\/Pause-beim-Winterwandern-in-Bizau-c-Alex-Kaiser-Bregenzerwald-Tourismus.jpg 2560w, https:\/\/www.alpinapartments.at\/wp-content\/uploads\/Pause-beim-Winterwandern-in-Bizau-c-Alex-Kaiser-Bregenzerwald-Tourismus-300x200.jpg 300w, https:\/\/www.alpinapartments.at\/wp-content\/uploads\/Pause-beim-Winterwandern-in-Bizau-c-Alex-Kaiser-Bregenzerwald-Tourismus-1024x682.jpg 1024w, https:\/\/www.alpinapartments.at\/wp-content\/uploads\/Pause-beim-Winterwandern-in-Bizau-c-Alex-Kaiser-Bregenzerwald-Tourismus-768x512.jpg 768w, https:\/\/www.alpinapartments.at\/wp-content\/uploads\/Pause-beim-Winterwandern-in-Bizau-c-Alex-Kaiser-Bregenzerwald-Tourismus-1536x1024.jpg 1536w, https:\/\/www.alpinapartments.at\/wp-content\/uploads\/Pause-beim-Winterwandern-in-Bizau-c-Alex-Kaiser-Bregenzerwald-Tourismus-2048x1365.jpg 2048w\" sizes=\"(max-width: 2560px) 100vw, 2560px\" \/><\/figure>\n\n<\/div>\n<\/div>\n<\/div>\n\n<div class=\"gb-container gb-container-2f0a6501 gb-container-outer-light\">\n<div class=\"gb-container gb-container-1aaf6ee7 gb-container-inner\">\n\n<h2 class=\"gb-headline gb-headline-6e1fbd1d gb-headline-text gb-headline-centered-reduced\">The best location in the Bregenzerwald<\/h2>\n\n\n\n<figure class=\"gb-block-image gb-block-image-b871daff\"><img decoding=\"async\" width=\"1420\" height=\"747\" class=\"gb-image gb-image-b871daff\" src=\"https:\/\/www.alpinapartments.at\/wp-content\/uploads\/Alpin-apartments-map.svg\" alt=\"\"\/><\/figure>\n\n<\/div>\n<\/div>\n\n<div class=\"gb-container gb-container-e14bd921 gb-container-outer-light\">\n<div class=\"gb-container gb-container-76b66190 gb-container-inner\">\n\n<h2 class=\"gb-headline gb-headline-0acb1627 gb-headline-text gb-headline-centered-reduced\">Our Highlights<\/h2>\n\n\n\n<div id=\"gt1\" style=\"display:block; width:100%\"><\/div>\n<script src=\"https:\/\/d27mylpt7bebkr.cloudfront.net\/static-images\/widget\/prod\/widget.js?id=gt1&#038;path=myapartmentservice&#038;width=100%&#038;fontCol=8a8f6a&#038;btCol=8a8f6a&#038;font=Josefin Sans&#038;lang=de&#038;streams=013e9f36-df31-41b5-a967-48b01e92eeab\"><\/script>\n<style>#gt1 a.by-giggle, #gt1 h2.stream__title {display: none !important;}<\/style>\n\n<\/div>\n<\/div>\n\n<div class=\"gb-container gb-container-3adcf649 gb-container-inner\">\n\n<h2 class=\"gb-headline gb-headline-ef7fee28 gb-headline-text\">Discover our wide range of activities<\/h2>\n\n\n    <div id=\"activity-filters\">\n        <div class=\"activity-filter-item\">\n            <div class=\"afi-title\">Season:<\/div>\n            <div class=\"afi-first\">\n                <label><input type=\"radio\" name=\"season\" value=\"winter-en\" checked>Winter<\/label>\n                <label><input type=\"radio\" name=\"season\" value=\"summer-en\">Summer<\/label>\n            <\/div>\n        <\/div>\n        <div class=\"activity-filter-item\">\n            <div class=\"afi-title\">Region:<\/div>\n            <div class=\"afi-second\">\n                <label><input type=\"radio\" name=\"location\" value=\"all\" checked>All<\/label>\n                <label><input type=\"radio\" name=\"location\" value=\"mellau-en\">Mellau<\/label>\n                <label><input type=\"radio\" name=\"location\" value=\"damuels-en\">Dam\u00fcls<\/label>\n            <\/div>\n        <\/div>\n        <div class=\"activity-filter-item\">\n            <div class=\"afi-title\">Aktivit\u00e4ten:<\/div>\n            <div class=\"afi-second\">\n                <label><input type=\"radio\" name=\"activities\" value=\"all\" checked>All<\/label>\n                <label><input type=\"radio\" name=\"activities\" value=\"familie-en\">Familie<\/label>\n            <\/div>\n        <\/div>\n    <\/div>\n\n    <script type=\"text\/javascript\">\n        jQuery(document).ready(function($) {\n            function filterPosts() {\n                const season = $('input[name=\"season\"]:checked').val();\n                const location = $('input[name=\"location\"]:checked').val();\n                const activities = $('input[name=\"activities\"]:checked').val();\n                $('#activity-query-loop .gb-query-loop-item').each(function() {\n                    const isSeasonMatch = season === 'all' || $(this).hasClass(`aktivitaeten-kategorie-${season}`);\n                    const isLocationMatch = location === 'all' || $(this).hasClass(`aktivitaeten-kategorie-${location}`);\n                    const isActivitiesMatch = activities === 'all' || $(this).hasClass(`aktivitaeten-kategorie-${activities}`);\n                    \n                    $(this).toggle(isSeasonMatch && isLocationMatch && isActivitiesMatch);\n                });\n            }\n            filterPosts();\n            $('#activity-filters input[type=\"radio\"]').change(filterPosts);\n        });\n    <\/script>\n    \n\n\n\n<div class=\"gb-grid-wrapper gb-grid-wrapper-c271c287 gb-query-loop-wrapper\" id=\"activity-query-loop\">\n<div class=\"gb-grid-column gb-grid-column-af0b7590 gb-query-loop-item post-39558 post_type_activities type-post_type_activities status-publish has-post-thumbnail hentry aktivitaeten-kategorie-familie-en aktivitaeten-kategorie-mellau-en aktivitaeten-kategorie-mellau aktivitaeten-kategorie-winter-en\"><div class=\"gb-container gb-container-af0b7590\">\n<figure class=\"gb-block-image gb-block-image-5ce835e3\"><img decoding=\"async\" width=\"2560\" height=\"1706\" src=\"https:\/\/www.alpinapartments.at\/wp-content\/uploads\/Rodelpartie-im-Abendlicht-von-Baumgarten-c-Rudolf-Kaufmann-witus-eGen.jpg\" class=\"gb-image-5ce835e3\" alt=\"\" srcset=\"https:\/\/www.alpinapartments.at\/wp-content\/uploads\/Rodelpartie-im-Abendlicht-von-Baumgarten-c-Rudolf-Kaufmann-witus-eGen.jpg 2560w, https:\/\/www.alpinapartments.at\/wp-content\/uploads\/Rodelpartie-im-Abendlicht-von-Baumgarten-c-Rudolf-Kaufmann-witus-eGen-300x200.jpg 300w, https:\/\/www.alpinapartments.at\/wp-content\/uploads\/Rodelpartie-im-Abendlicht-von-Baumgarten-c-Rudolf-Kaufmann-witus-eGen-1024x682.jpg 1024w, https:\/\/www.alpinapartments.at\/wp-content\/uploads\/Rodelpartie-im-Abendlicht-von-Baumgarten-c-Rudolf-Kaufmann-witus-eGen-768x512.jpg 768w, https:\/\/www.alpinapartments.at\/wp-content\/uploads\/Rodelpartie-im-Abendlicht-von-Baumgarten-c-Rudolf-Kaufmann-witus-eGen-1536x1024.jpg 1536w, https:\/\/www.alpinapartments.at\/wp-content\/uploads\/Rodelpartie-im-Abendlicht-von-Baumgarten-c-Rudolf-Kaufmann-witus-eGen-2048x1365.jpg 2048w\" sizes=\"(max-width: 2560px) 100vw, 2560px\" \/><\/figure>\n\n<div class=\"gb-headline gb-headline-304a60cd gb-headline-text\"><span class=\"post-term-item term-familie-en\">Family<\/span>, <span class=\"post-term-item term-mellau-en\">Mellau<\/span>, <span class=\"post-term-item term-mellau\">Mellau<\/span>, <span class=\"post-term-item term-winter-en\">Winter<\/span><\/div>\n\n<h2 class=\"gb-headline gb-headline-6a9dcc8d gb-headline-text\">Tobogganing<\/h2>\n\n<div class=\"gb-headline gb-headline-b9e0e0a3 gb-headline-text\">If you like to enjoy winter evenings in the great outdoors, we recommend the Dosegg natural toboggan run. Here you first go uphill on a forest path, then downhill on a toboggan.\n\nThe toboggan run is 800m long and is floodlit on Wednesdays, Fridays and Saturdays, snow permitting. Tobogganing fun for the whole family.<\/div>\n\n<a class=\"gb-button gb-button-cdb49e9a gb-button-text gb-button-secondary\" href=\"https:\/\/www.alpinapartments.at\/en\/region\/tobogganing\/\">Learn more<\/a>\n<\/div><\/div>\n\n<div class=\"gb-grid-column gb-grid-column-af0b7590 gb-query-loop-item post-38397 post_type_activities type-post_type_activities status-publish has-post-thumbnail hentry aktivitaeten-kategorie-damuels-en aktivitaeten-kategorie-summer-en\"><div class=\"gb-container gb-container-af0b7590\">\n<figure class=\"gb-block-image gb-block-image-5ce835e3\"><img decoding=\"async\" width=\"2560\" height=\"1708\" src=\"https:\/\/www.alpinapartments.at\/wp-content\/uploads\/alpinapartments-mountainbiken-c-Tom-Klocker.jpg\" class=\"gb-image-5ce835e3\" alt=\"\" srcset=\"https:\/\/www.alpinapartments.at\/wp-content\/uploads\/alpinapartments-mountainbiken-c-Tom-Klocker.jpg 2560w, https:\/\/www.alpinapartments.at\/wp-content\/uploads\/alpinapartments-mountainbiken-c-Tom-Klocker-300x200.jpg 300w, https:\/\/www.alpinapartments.at\/wp-content\/uploads\/alpinapartments-mountainbiken-c-Tom-Klocker-1024x683.jpg 1024w, https:\/\/www.alpinapartments.at\/wp-content\/uploads\/alpinapartments-mountainbiken-c-Tom-Klocker-768x512.jpg 768w, https:\/\/www.alpinapartments.at\/wp-content\/uploads\/alpinapartments-mountainbiken-c-Tom-Klocker-1536x1025.jpg 1536w, https:\/\/www.alpinapartments.at\/wp-content\/uploads\/alpinapartments-mountainbiken-c-Tom-Klocker-2048x1366.jpg 2048w\" sizes=\"(max-width: 2560px) 100vw, 2560px\" \/><\/figure>\n\n<div class=\"gb-headline gb-headline-304a60cd gb-headline-text\"><span class=\"post-term-item term-damuels-en\">Dam\u00fcls<\/span>, <span class=\"post-term-item term-summer-en\">Summer<\/span><\/div>\n\n<h2 class=\"gb-headline gb-headline-6a9dcc8d gb-headline-text\">Mountain biking<\/h2>\n\n<div class=\"gb-headline gb-headline-b9e0e0a3 gb-headline-text\">The mountainous region of Dam\u00fcls Faschina and its surroundings are ideal for diverse and challenging mountain biking. The Alps and forests in the Bregenzerwald and Gro\u00dfes Walsertal are accessible through freight and forest roads, making them excellent routes for biking adventures.<\/div>\n\n<a class=\"gb-button gb-button-cdb49e9a gb-button-text gb-button-secondary\" href=\"https:\/\/www.alpinapartments.at\/en\/region\/mountainbike\/\">Learn more<\/a>\n<\/div><\/div>\n\n<div class=\"gb-grid-column gb-grid-column-af0b7590 gb-query-loop-item post-38389 post_type_activities type-post_type_activities status-publish has-post-thumbnail hentry aktivitaeten-kategorie-damuels-en aktivitaeten-kategorie-winter-en\"><div class=\"gb-container gb-container-af0b7590\">\n<figure class=\"gb-block-image gb-block-image-5ce835e3\"><img decoding=\"async\" width=\"2560\" height=\"1707\" src=\"https:\/\/www.alpinapartments.at\/wp-content\/uploads\/alpinapartments-langlaufen-c-patrick-saley-photography.jpg\" class=\"gb-image-5ce835e3\" alt=\"Langlaufen\" srcset=\"https:\/\/www.alpinapartments.at\/wp-content\/uploads\/alpinapartments-langlaufen-c-patrick-saley-photography.jpg 2560w, https:\/\/www.alpinapartments.at\/wp-content\/uploads\/alpinapartments-langlaufen-c-patrick-saley-photography-300x200.jpg 300w, https:\/\/www.alpinapartments.at\/wp-content\/uploads\/alpinapartments-langlaufen-c-patrick-saley-photography-1024x683.jpg 1024w, https:\/\/www.alpinapartments.at\/wp-content\/uploads\/alpinapartments-langlaufen-c-patrick-saley-photography-768x512.jpg 768w, https:\/\/www.alpinapartments.at\/wp-content\/uploads\/alpinapartments-langlaufen-c-patrick-saley-photography-1536x1024.jpg 1536w, https:\/\/www.alpinapartments.at\/wp-content\/uploads\/alpinapartments-langlaufen-c-patrick-saley-photography-2048x1366.jpg 2048w\" sizes=\"(max-width: 2560px) 100vw, 2560px\" \/><\/figure>\n\n<div class=\"gb-headline gb-headline-304a60cd gb-headline-text\"><span class=\"post-term-item term-damuels-en\">Dam\u00fcls<\/span>, <span class=\"post-term-item term-winter-en\">Winter<\/span><\/div>\n\n<h2 class=\"gb-headline gb-headline-6a9dcc8d gb-headline-text\">Cross-Country Skiing<\/h2>\n\n<div class=\"gb-headline gb-headline-b9e0e0a3 gb-headline-text\">In addition to alpine winter sports, cross-country skiers can also enjoy a fantastic offer in Dam\u00fcls Faschina. Two trails with a total of eleven sunny kilometers are groomed daily and are located at snow-sure altitudes of 1,500 and 1,700 meters.<\/div>\n\n<a class=\"gb-button gb-button-cdb49e9a gb-button-text gb-button-secondary\" href=\"https:\/\/www.alpinapartments.at\/en\/region\/cross-country-skiing\/\">Learn more<\/a>\n<\/div><\/div>\n\n<div class=\"gb-grid-column gb-grid-column-af0b7590 gb-query-loop-item post-39556 post_type_activities type-post_type_activities status-publish has-post-thumbnail hentry aktivitaeten-kategorie-au aktivitaeten-kategorie-mellau-en aktivitaeten-kategorie-mellau aktivitaeten-kategorie-summer-en\"><div class=\"gb-container gb-container-af0b7590\">\n<figure class=\"gb-block-image gb-block-image-5ce835e3\"><img decoding=\"async\" width=\"2560\" height=\"1706\" src=\"https:\/\/www.alpinapartments.at\/wp-content\/uploads\/Freibad-Mellau-c-Stefan-Leitner-Mellau-Tourismus-1.jpg\" class=\"gb-image-5ce835e3\" alt=\"\" srcset=\"https:\/\/www.alpinapartments.at\/wp-content\/uploads\/Freibad-Mellau-c-Stefan-Leitner-Mellau-Tourismus-1.jpg 2560w, https:\/\/www.alpinapartments.at\/wp-content\/uploads\/Freibad-Mellau-c-Stefan-Leitner-Mellau-Tourismus-1-300x200.jpg 300w, https:\/\/www.alpinapartments.at\/wp-content\/uploads\/Freibad-Mellau-c-Stefan-Leitner-Mellau-Tourismus-1-1024x682.jpg 1024w, https:\/\/www.alpinapartments.at\/wp-content\/uploads\/Freibad-Mellau-c-Stefan-Leitner-Mellau-Tourismus-1-768x512.jpg 768w, https:\/\/www.alpinapartments.at\/wp-content\/uploads\/Freibad-Mellau-c-Stefan-Leitner-Mellau-Tourismus-1-1536x1024.jpg 1536w, https:\/\/www.alpinapartments.at\/wp-content\/uploads\/Freibad-Mellau-c-Stefan-Leitner-Mellau-Tourismus-1-2048x1365.jpg 2048w\" sizes=\"(max-width: 2560px) 100vw, 2560px\" \/><\/figure>\n\n<div class=\"gb-headline gb-headline-304a60cd gb-headline-text\"><span class=\"post-term-item term-au\">Au<\/span>, <span class=\"post-term-item term-mellau-en\">Mellau<\/span>, <span class=\"post-term-item term-mellau\">Mellau<\/span>, <span class=\"post-term-item term-summer-en\">Summer<\/span><\/div>\n\n<h2 class=\"gb-headline gb-headline-6a9dcc8d gb-headline-text\">Swimming<\/h2>\n\n<div class=\"gb-headline gb-headline-b9e0e0a3 gb-headline-text\">The outdoor pool in Mellau is idyllically situated on the Mellenbach stream and is surrounded by beautiful meadows and trees. It is the ideal place to cool off after an active day.\n\nWhether big or small, everyone gets their money&#8217;s worth here.<\/div>\n\n<a class=\"gb-button gb-button-cdb49e9a gb-button-text gb-button-secondary\" href=\"https:\/\/www.alpinapartments.at\/en\/region\/swimming\/\">Learn more<\/a>\n<\/div><\/div>\n\n<div class=\"gb-grid-column gb-grid-column-af0b7590 gb-query-loop-item post-39564 post_type_activities type-post_type_activities status-publish has-post-thumbnail hentry aktivitaeten-kategorie-mellau-en aktivitaeten-kategorie-mellau aktivitaeten-kategorie-summer-en\"><div class=\"gb-container gb-container-af0b7590\">\n<figure class=\"gb-block-image gb-block-image-5ce835e3\"><img decoding=\"async\" width=\"2560\" height=\"1706\" src=\"https:\/\/www.alpinapartments.at\/wp-content\/uploads\/Auffahrt-mit-der-Mellaubahn-c-Markus-Gmeiner-Mellau-Tourismus.jpg\" class=\"gb-image-5ce835e3\" alt=\"\" srcset=\"https:\/\/www.alpinapartments.at\/wp-content\/uploads\/Auffahrt-mit-der-Mellaubahn-c-Markus-Gmeiner-Mellau-Tourismus.jpg 2560w, https:\/\/www.alpinapartments.at\/wp-content\/uploads\/Auffahrt-mit-der-Mellaubahn-c-Markus-Gmeiner-Mellau-Tourismus-300x200.jpg 300w, https:\/\/www.alpinapartments.at\/wp-content\/uploads\/Auffahrt-mit-der-Mellaubahn-c-Markus-Gmeiner-Mellau-Tourismus-1024x682.jpg 1024w, https:\/\/www.alpinapartments.at\/wp-content\/uploads\/Auffahrt-mit-der-Mellaubahn-c-Markus-Gmeiner-Mellau-Tourismus-768x512.jpg 768w, https:\/\/www.alpinapartments.at\/wp-content\/uploads\/Auffahrt-mit-der-Mellaubahn-c-Markus-Gmeiner-Mellau-Tourismus-1536x1024.jpg 1536w, https:\/\/www.alpinapartments.at\/wp-content\/uploads\/Auffahrt-mit-der-Mellaubahn-c-Markus-Gmeiner-Mellau-Tourismus-2048x1365.jpg 2048w\" sizes=\"(max-width: 2560px) 100vw, 2560px\" \/><\/figure>\n\n<div class=\"gb-headline gb-headline-304a60cd gb-headline-text\"><span class=\"post-term-item term-mellau-en\">Mellau<\/span>, <span class=\"post-term-item term-mellau\">Mellau<\/span>, <span class=\"post-term-item term-summer-en\">Summer<\/span><\/div>\n\n<h2 class=\"gb-headline gb-headline-6a9dcc8d gb-headline-text\">Mellaubahn<\/h2>\n\n<div class=\"gb-headline gb-headline-b9e0e0a3 gb-headline-text\">The Mellaubahn takes you comfortably up to the mountain, the Ro\u00dfstelle (1400 m). Everything is possible from here. If you like to get out and about on two wheels, you can even transport your bike on the cable car. With the Bregenzerwald Guest Card, you can ride the Mellaubahn free of charge in summer.<\/div>\n\n<a class=\"gb-button gb-button-cdb49e9a gb-button-text gb-button-secondary\" href=\"https:\/\/www.alpinapartments.at\/en\/region\/mellaubahn\/\">Learn more<\/a>\n<\/div><\/div>\n\n<div class=\"gb-grid-column gb-grid-column-af0b7590 gb-query-loop-item post-39552 post_type_activities type-post_type_activities status-publish has-post-thumbnail hentry aktivitaeten-kategorie-mellau aktivitaeten-kategorie-mellau-en aktivitaeten-kategorie-winter-en\"><div class=\"gb-container gb-container-af0b7590\">\n<figure class=\"gb-block-image gb-block-image-5ce835e3\"><img decoding=\"async\" width=\"2500\" height=\"1667\" src=\"https:\/\/www.alpinapartments.at\/wp-content\/uploads\/Langlaufen-in-Au-Schoppernau-c-Emanuel-Sutterluety-Au-Schoppernau-Tourismus.jpg\" class=\"gb-image-5ce835e3\" alt=\"\" srcset=\"https:\/\/www.alpinapartments.at\/wp-content\/uploads\/Langlaufen-in-Au-Schoppernau-c-Emanuel-Sutterluety-Au-Schoppernau-Tourismus.jpg 2500w, https:\/\/www.alpinapartments.at\/wp-content\/uploads\/Langlaufen-in-Au-Schoppernau-c-Emanuel-Sutterluety-Au-Schoppernau-Tourismus-300x200.jpg 300w, https:\/\/www.alpinapartments.at\/wp-content\/uploads\/Langlaufen-in-Au-Schoppernau-c-Emanuel-Sutterluety-Au-Schoppernau-Tourismus-1024x683.jpg 1024w, https:\/\/www.alpinapartments.at\/wp-content\/uploads\/Langlaufen-in-Au-Schoppernau-c-Emanuel-Sutterluety-Au-Schoppernau-Tourismus-768x512.jpg 768w, https:\/\/www.alpinapartments.at\/wp-content\/uploads\/Langlaufen-in-Au-Schoppernau-c-Emanuel-Sutterluety-Au-Schoppernau-Tourismus-1536x1024.jpg 1536w, https:\/\/www.alpinapartments.at\/wp-content\/uploads\/Langlaufen-in-Au-Schoppernau-c-Emanuel-Sutterluety-Au-Schoppernau-Tourismus-2048x1366.jpg 2048w\" sizes=\"(max-width: 2500px) 100vw, 2500px\" \/><\/figure>\n\n<div class=\"gb-headline gb-headline-304a60cd gb-headline-text\"><span class=\"post-term-item term-mellau\">Mellau<\/span>, <span class=\"post-term-item term-mellau-en\">Mellau<\/span>, <span class=\"post-term-item term-winter-en\">Winter<\/span><\/div>\n\n<h2 class=\"gb-headline gb-headline-6a9dcc8d gb-headline-text\">Cross-country Skiing<\/h2>\n\n<div class=\"gb-headline gb-headline-b9e0e0a3 gb-headline-text\">Cross-country skiers get their money&#8217;s worth in Mellau and those who have the choice are spoiled for choice. If you are looking for peace and quiet, the trail through the beautiful Enge Vors\u00e4\u00df at the foot of the Kanisfluh is a good choice. The route through the village is certainly a little busier. Fantastic views guaranteed.<\/div>\n\n<a class=\"gb-button gb-button-cdb49e9a gb-button-text gb-button-secondary\" href=\"https:\/\/www.alpinapartments.at\/en\/region\/cross-country-skiing-2\/\">Learn more<\/a>\n<\/div><\/div>\n\n<div class=\"gb-grid-column gb-grid-column-af0b7590 gb-query-loop-item post-38396 post_type_activities type-post_type_activities status-publish has-post-thumbnail hentry aktivitaeten-kategorie-damuels-en aktivitaeten-kategorie-summer-en\"><div class=\"gb-container gb-container-af0b7590\">\n<figure class=\"gb-block-image gb-block-image-5ce835e3\"><img decoding=\"async\" width=\"2560\" height=\"1709\" src=\"https:\/\/www.alpinapartments.at\/wp-content\/uploads\/alpinapartments-seilbahnen-c-huber-images.jpg\" class=\"gb-image-5ce835e3\" alt=\"Seilbahnen\" srcset=\"https:\/\/www.alpinapartments.at\/wp-content\/uploads\/alpinapartments-seilbahnen-c-huber-images.jpg 2560w, https:\/\/www.alpinapartments.at\/wp-content\/uploads\/alpinapartments-seilbahnen-c-huber-images-300x200.jpg 300w, https:\/\/www.alpinapartments.at\/wp-content\/uploads\/alpinapartments-seilbahnen-c-huber-images-1024x684.jpg 1024w, https:\/\/www.alpinapartments.at\/wp-content\/uploads\/alpinapartments-seilbahnen-c-huber-images-768x513.jpg 768w, https:\/\/www.alpinapartments.at\/wp-content\/uploads\/alpinapartments-seilbahnen-c-huber-images-1536x1025.jpg 1536w, https:\/\/www.alpinapartments.at\/wp-content\/uploads\/alpinapartments-seilbahnen-c-huber-images-2048x1367.jpg 2048w\" sizes=\"(max-width: 2560px) 100vw, 2560px\" \/><\/figure>\n\n<div class=\"gb-headline gb-headline-304a60cd gb-headline-text\"><span class=\"post-term-item term-damuels-en\">Dam\u00fcls<\/span>, <span class=\"post-term-item term-summer-en\">Summer<\/span><\/div>\n\n<h2 class=\"gb-headline gb-headline-6a9dcc8d gb-headline-text\">Dam\u00fcls Faschina Cable Cars<\/h2>\n\n<div class=\"gb-headline gb-headline-b9e0e0a3 gb-headline-text\">At the Uga-Express valley station, you&#8217;ll find ample parking as the starting and ending point for your mountain hike in Dam\u00fcls. After a comfortable ride on the convenient chairlift, you&#8217;ll be in close proximity to the Dam\u00fclser Mittagspitze (2,095 m), which you can ascend in a short time.<\/div>\n\n<a class=\"gb-button gb-button-cdb49e9a gb-button-text gb-button-secondary\" href=\"https:\/\/www.alpinapartments.at\/en\/region\/cablecars-damuels-faschina\/\">Learn more<\/a>\n<\/div><\/div>\n\n<div class=\"gb-grid-column gb-grid-column-af0b7590 gb-query-loop-item post-38390 post_type_activities type-post_type_activities status-publish has-post-thumbnail hentry aktivitaeten-kategorie-damuels-en aktivitaeten-kategorie-winter-en\"><div class=\"gb-container gb-container-af0b7590\">\n<figure class=\"gb-block-image gb-block-image-5ce835e3\"><img decoding=\"async\" width=\"2560\" height=\"1707\" src=\"https:\/\/www.alpinapartments.at\/wp-content\/uploads\/alpinapartments-skitour-c-patrick-saley-photography.jpg\" class=\"gb-image-5ce835e3\" alt=\"Skitour\" srcset=\"https:\/\/www.alpinapartments.at\/wp-content\/uploads\/alpinapartments-skitour-c-patrick-saley-photography.jpg 2560w, https:\/\/www.alpinapartments.at\/wp-content\/uploads\/alpinapartments-skitour-c-patrick-saley-photography-300x200.jpg 300w, https:\/\/www.alpinapartments.at\/wp-content\/uploads\/alpinapartments-skitour-c-patrick-saley-photography-1024x683.jpg 1024w, https:\/\/www.alpinapartments.at\/wp-content\/uploads\/alpinapartments-skitour-c-patrick-saley-photography-768x512.jpg 768w, https:\/\/www.alpinapartments.at\/wp-content\/uploads\/alpinapartments-skitour-c-patrick-saley-photography-1536x1024.jpg 1536w, https:\/\/www.alpinapartments.at\/wp-content\/uploads\/alpinapartments-skitour-c-patrick-saley-photography-2048x1366.jpg 2048w\" sizes=\"(max-width: 2560px) 100vw, 2560px\" \/><\/figure>\n\n<div class=\"gb-headline gb-headline-304a60cd gb-headline-text\"><span class=\"post-term-item term-damuels-en\">Dam\u00fcls<\/span>, <span class=\"post-term-item term-winter-en\">Winter<\/span><\/div>\n\n<h2 class=\"gb-headline gb-headline-6a9dcc8d gb-headline-text\">Ski touring<\/h2>\n\n<div class=\"gb-headline gb-headline-b9e0e0a3 gb-headline-text\">In the snow-rich area of Dam\u00fcls Faschina, there is a well-developed network of groomed winter hiking trails alongside alpine skiing in the Dam\u00fcls-Mellau and Faschina ski areas. These trails are continually groomed, offering a wonderful winter experience.<\/div>\n\n<a class=\"gb-button gb-button-cdb49e9a gb-button-text gb-button-secondary\" href=\"https:\/\/www.alpinapartments.at\/en\/region\/skitouring\/\">Learn more<\/a>\n<\/div><\/div>\n\n<div class=\"gb-grid-column gb-grid-column-af0b7590 gb-query-loop-item post-38401 post_type_activities type-post_type_activities status-publish has-post-thumbnail hentry aktivitaeten-kategorie-damuels-en aktivitaeten-kategorie-summer-en\"><div class=\"gb-container gb-container-af0b7590\">\n<figure class=\"gb-block-image gb-block-image-5ce835e3\"><img decoding=\"async\" width=\"2560\" height=\"1707\" src=\"https:\/\/www.alpinapartments.at\/wp-content\/uploads\/alpinapartments-seewaldseec-robert-bohnke.jpg\" class=\"gb-image-5ce835e3\" alt=\"\" srcset=\"https:\/\/www.alpinapartments.at\/wp-content\/uploads\/alpinapartments-seewaldseec-robert-bohnke.jpg 2560w, https:\/\/www.alpinapartments.at\/wp-content\/uploads\/alpinapartments-seewaldseec-robert-bohnke-300x200.jpg 300w, https:\/\/www.alpinapartments.at\/wp-content\/uploads\/alpinapartments-seewaldseec-robert-bohnke-1024x683.jpg 1024w, https:\/\/www.alpinapartments.at\/wp-content\/uploads\/alpinapartments-seewaldseec-robert-bohnke-768x512.jpg 768w, https:\/\/www.alpinapartments.at\/wp-content\/uploads\/alpinapartments-seewaldseec-robert-bohnke-1536x1024.jpg 1536w, https:\/\/www.alpinapartments.at\/wp-content\/uploads\/alpinapartments-seewaldseec-robert-bohnke-2048x1366.jpg 2048w\" sizes=\"(max-width: 2560px) 100vw, 2560px\" \/><\/figure>\n\n<div class=\"gb-headline gb-headline-304a60cd gb-headline-text\"><span class=\"post-term-item term-damuels-en\">Dam\u00fcls<\/span>, <span class=\"post-term-item term-summer-en\">Summer<\/span><\/div>\n\n<h2 class=\"gb-headline gb-headline-6a9dcc8d gb-headline-text\">Seewald&shy;see Fontanella<\/h2>\n\n<div class=\"gb-headline gb-headline-b9e0e0a3 gb-headline-text\">Der Seewaldsee in Fontanella im Gro\u00dfen Walsertal gilt als eines der beliebtesten Ausflugsziele in unserer Region. Zu Fu\u00df gem\u00fctlich in ca. 35 Minuten zu erreichen, bietet der idyllische, meistens auch wohl temperierte Badesee, Spa\u00df f\u00fcr Jung und Alt.<\/div>\n\n<a class=\"gb-button gb-button-cdb49e9a gb-button-text gb-button-secondary\" href=\"https:\/\/www.alpinapartments.at\/en\/region\/seewaldsee\/\">Learn more<\/a>\n<\/div><\/div>\n\n<div class=\"gb-grid-column gb-grid-column-af0b7590 gb-query-loop-item post-38394 post_type_activities type-post_type_activities status-publish has-post-thumbnail hentry aktivitaeten-kategorie-damuels-en aktivitaeten-kategorie-summer-en\"><div class=\"gb-container gb-container-af0b7590\">\n<figure class=\"gb-block-image gb-block-image-5ce835e3\"><img decoding=\"async\" width=\"2560\" height=\"1709\" src=\"https:\/\/www.alpinapartments.at\/wp-content\/uploads\/alpinapartments-waldseilgarten-c-huber-images.jpg\" class=\"gb-image-5ce835e3\" alt=\"Waldseilgarten\" srcset=\"https:\/\/www.alpinapartments.at\/wp-content\/uploads\/alpinapartments-waldseilgarten-c-huber-images.jpg 2560w, https:\/\/www.alpinapartments.at\/wp-content\/uploads\/alpinapartments-waldseilgarten-c-huber-images-300x200.jpg 300w, https:\/\/www.alpinapartments.at\/wp-content\/uploads\/alpinapartments-waldseilgarten-c-huber-images-1024x684.jpg 1024w, https:\/\/www.alpinapartments.at\/wp-content\/uploads\/alpinapartments-waldseilgarten-c-huber-images-768x513.jpg 768w, https:\/\/www.alpinapartments.at\/wp-content\/uploads\/alpinapartments-waldseilgarten-c-huber-images-1536x1025.jpg 1536w, https:\/\/www.alpinapartments.at\/wp-content\/uploads\/alpinapartments-waldseilgarten-c-huber-images-2048x1367.jpg 2048w\" sizes=\"(max-width: 2560px) 100vw, 2560px\" \/><\/figure>\n\n<div class=\"gb-headline gb-headline-304a60cd gb-headline-text\"><span class=\"post-term-item term-damuels-en\">Dam\u00fcls<\/span>, <span class=\"post-term-item term-summer-en\">Summer<\/span><\/div>\n\n<h2 class=\"gb-headline gb-headline-6a9dcc8d gb-headline-text\">Wald\u00ad\u00adseil\u00ad\u00ad\u00ad\u00ad&shy;gart\u00aden Dam\u00fcls<\/h2>\n\n<div class=\"gb-headline gb-headline-b9e0e0a3 gb-headline-text\">Climbing on a natural rock wall is a very special experience for many people in the Alps. Especially for beginners or individuals not familiar with the area, there are suitable climbing gardens available. Trying it out is worth it.<\/div>\n\n<a class=\"gb-button gb-button-cdb49e9a gb-button-text gb-button-secondary\" href=\"https:\/\/www.alpinapartments.at\/en\/region\/forest-rope-park-damuels\/\">Learn more<\/a>\n<\/div><\/div>\n\n<div class=\"gb-grid-column gb-grid-column-af0b7590 gb-query-loop-item post-38392 post_type_activities type-post_type_activities status-publish has-post-thumbnail hentry aktivitaeten-kategorie-damuels-en aktivitaeten-kategorie-winter-en\"><div class=\"gb-container gb-container-af0b7590\">\n<figure class=\"gb-block-image gb-block-image-5ce835e3\"><img decoding=\"async\" width=\"2500\" height=\"1667\" src=\"https:\/\/www.alpinapartments.at\/wp-content\/uploads\/alpinapartments-skischule-c-alex-kaiser.jpg\" class=\"gb-image-5ce835e3\" alt=\"Skischule\" srcset=\"https:\/\/www.alpinapartments.at\/wp-content\/uploads\/alpinapartments-skischule-c-alex-kaiser.jpg 2500w, https:\/\/www.alpinapartments.at\/wp-content\/uploads\/alpinapartments-skischule-c-alex-kaiser-300x200.jpg 300w, https:\/\/www.alpinapartments.at\/wp-content\/uploads\/alpinapartments-skischule-c-alex-kaiser-1024x683.jpg 1024w, https:\/\/www.alpinapartments.at\/wp-content\/uploads\/alpinapartments-skischule-c-alex-kaiser-768x512.jpg 768w, https:\/\/www.alpinapartments.at\/wp-content\/uploads\/alpinapartments-skischule-c-alex-kaiser-1536x1024.jpg 1536w, https:\/\/www.alpinapartments.at\/wp-content\/uploads\/alpinapartments-skischule-c-alex-kaiser-2048x1366.jpg 2048w\" sizes=\"(max-width: 2500px) 100vw, 2500px\" \/><\/figure>\n\n<div class=\"gb-headline gb-headline-304a60cd gb-headline-text\"><span class=\"post-term-item term-damuels-en\">Dam\u00fcls<\/span>, <span class=\"post-term-item term-winter-en\">Winter<\/span><\/div>\n\n<h2 class=\"gb-headline gb-headline-6a9dcc8d gb-headline-text\">Ski schools<\/h2>\n\n<div class=\"gb-headline gb-headline-b9e0e0a3 gb-headline-text\">The ski schools in Dam\u00fcls and Faschina are among the most prestigious ski schools in Vorarlberg and are consistently recognized with awards in Vorarlberg and Austria. First-class service, quality, and top performances are the focus of both ski schools in the Bregenzerwald and the Biosphere Park Gro\u00dfes Walsertal<\/div>\n\n<a class=\"gb-button gb-button-cdb49e9a gb-button-text gb-button-secondary\" href=\"https:\/\/www.alpinapartments.at\/en\/region\/ski-schools\/\">Learn more<\/a>\n<\/div><\/div>\n\n<div class=\"gb-grid-column gb-grid-column-af0b7590 gb-query-loop-item post-39554 post_type_activities type-post_type_activities status-publish has-post-thumbnail hentry aktivitaeten-kategorie-familie aktivitaeten-kategorie-familie-en aktivitaeten-kategorie-mellau-en aktivitaeten-kategorie-mellau aktivitaeten-kategorie-winter-en\"><div class=\"gb-container gb-container-af0b7590\">\n<figure class=\"gb-block-image gb-block-image-5ce835e3\"><img decoding=\"async\" width=\"1920\" height=\"1280\" src=\"https:\/\/www.alpinapartments.at\/wp-content\/uploads\/AdobeStock_235356554.jpg\" class=\"gb-image-5ce835e3\" alt=\"\" srcset=\"https:\/\/www.alpinapartments.at\/wp-content\/uploads\/AdobeStock_235356554.jpg 1920w, https:\/\/www.alpinapartments.at\/wp-content\/uploads\/AdobeStock_235356554-300x200.jpg 300w, https:\/\/www.alpinapartments.at\/wp-content\/uploads\/AdobeStock_235356554-1024x683.jpg 1024w, https:\/\/www.alpinapartments.at\/wp-content\/uploads\/AdobeStock_235356554-768x512.jpg 768w, https:\/\/www.alpinapartments.at\/wp-content\/uploads\/AdobeStock_235356554-1536x1024.jpg 1536w\" sizes=\"(max-width: 1920px) 100vw, 1920px\" \/><\/figure>\n\n<div class=\"gb-headline gb-headline-304a60cd gb-headline-text\"><span class=\"post-term-item term-familie\">Familie<\/span>, <span class=\"post-term-item term-familie-en\">Family<\/span>, <span class=\"post-term-item term-mellau-en\">Mellau<\/span>, <span class=\"post-term-item term-mellau\">Mellau<\/span>, <span class=\"post-term-item term-winter-en\">Winter<\/span><\/div>\n\n<h2 class=\"gb-headline gb-headline-6a9dcc8d gb-headline-text\">Ski Touring<\/h2>\n\n<div class=\"gb-headline gb-headline-b9e0e0a3 gb-headline-text\">For fun in the snow away from the slopes, a ski tour through the mountains of Mellau is a great option. If you want tips from the pros, take part in a guided ski tour with the Mellau ski school.<\/div>\n\n<a class=\"gb-button gb-button-cdb49e9a gb-button-text gb-button-secondary\" href=\"https:\/\/www.alpinapartments.at\/en\/region\/ski-touring\/\">Learn more<\/a>\n<\/div><\/div>\n\n<div class=\"gb-grid-column gb-grid-column-af0b7590 gb-query-loop-item post-39550 post_type_activities type-post_type_activities status-publish has-post-thumbnail hentry aktivitaeten-kategorie-au aktivitaeten-kategorie-damuels-en aktivitaeten-kategorie-familie-en aktivitaeten-kategorie-mellau-en aktivitaeten-kategorie-mellau aktivitaeten-kategorie-summer-en\"><div class=\"gb-container gb-container-af0b7590\">\n<figure class=\"gb-block-image gb-block-image-5ce835e3\"><img decoding=\"async\" width=\"2560\" height=\"1706\" src=\"https:\/\/www.alpinapartments.at\/wp-content\/uploads\/Aufstieg-aufs-Glatthorn-in-Faschina-c-Lukas-Holland-Damuels-Faschina-Tourismus.jpg\" class=\"gb-image-5ce835e3\" alt=\"\" srcset=\"https:\/\/www.alpinapartments.at\/wp-content\/uploads\/Aufstieg-aufs-Glatthorn-in-Faschina-c-Lukas-Holland-Damuels-Faschina-Tourismus.jpg 2560w, https:\/\/www.alpinapartments.at\/wp-content\/uploads\/Aufstieg-aufs-Glatthorn-in-Faschina-c-Lukas-Holland-Damuels-Faschina-Tourismus-300x200.jpg 300w, https:\/\/www.alpinapartments.at\/wp-content\/uploads\/Aufstieg-aufs-Glatthorn-in-Faschina-c-Lukas-Holland-Damuels-Faschina-Tourismus-1024x682.jpg 1024w, https:\/\/www.alpinapartments.at\/wp-content\/uploads\/Aufstieg-aufs-Glatthorn-in-Faschina-c-Lukas-Holland-Damuels-Faschina-Tourismus-768x512.jpg 768w, https:\/\/www.alpinapartments.at\/wp-content\/uploads\/Aufstieg-aufs-Glatthorn-in-Faschina-c-Lukas-Holland-Damuels-Faschina-Tourismus-1536x1024.jpg 1536w, https:\/\/www.alpinapartments.at\/wp-content\/uploads\/Aufstieg-aufs-Glatthorn-in-Faschina-c-Lukas-Holland-Damuels-Faschina-Tourismus-2048x1365.jpg 2048w\" sizes=\"(max-width: 2560px) 100vw, 2560px\" \/><\/figure>\n\n<div class=\"gb-headline gb-headline-304a60cd gb-headline-text\"><span class=\"post-term-item term-au\">Au<\/span>, <span class=\"post-term-item term-damuels-en\">Dam\u00fcls<\/span>, <span class=\"post-term-item term-familie-en\">Family<\/span>, <span class=\"post-term-item term-mellau-en\">Mellau<\/span>, <span class=\"post-term-item term-mellau\">Mellau<\/span>, <span class=\"post-term-item term-summer-en\">Summer<\/span><\/div>\n\n<h2 class=\"gb-headline gb-headline-6a9dcc8d gb-headline-text\">Hiking and Mountaineering<\/h2>\n\n<div class=\"gb-headline gb-headline-b9e0e0a3 gb-headline-text\">Get out of bed and up the mountain. If you love hiking, Mellau is the right place for you. There are easy and challenging tours alike. Mellau is also the ideal starting point for numerous hikes around the Kanisfluh.<\/div>\n\n<a class=\"gb-button gb-button-cdb49e9a gb-button-text gb-button-secondary\" href=\"https:\/\/www.alpinapartments.at\/en\/region\/hiking-and-mountaineering\/\">Learn more<\/a>\n<\/div><\/div>\n\n<div class=\"gb-grid-column gb-grid-column-af0b7590 gb-query-loop-item post-39543 post_type_activities type-post_type_activities status-publish has-post-thumbnail hentry aktivitaeten-kategorie-au aktivitaeten-kategorie-familie-en aktivitaeten-kategorie-mellau-en aktivitaeten-kategorie-summer-en\"><div class=\"gb-container gb-container-af0b7590\">\n<figure class=\"gb-block-image gb-block-image-5ce835e3\"><img decoding=\"async\" width=\"2560\" height=\"1708\" src=\"https:\/\/www.alpinapartments.at\/wp-content\/uploads\/AlpinApartments_RentaBike.jpg\" class=\"gb-image-5ce835e3\" alt=\"\" srcset=\"https:\/\/www.alpinapartments.at\/wp-content\/uploads\/AlpinApartments_RentaBike.jpg 2560w, https:\/\/www.alpinapartments.at\/wp-content\/uploads\/AlpinApartments_RentaBike-300x200.jpg 300w, https:\/\/www.alpinapartments.at\/wp-content\/uploads\/AlpinApartments_RentaBike-1024x683.jpg 1024w, https:\/\/www.alpinapartments.at\/wp-content\/uploads\/AlpinApartments_RentaBike-768x512.jpg 768w, https:\/\/www.alpinapartments.at\/wp-content\/uploads\/AlpinApartments_RentaBike-1536x1025.jpg 1536w, https:\/\/www.alpinapartments.at\/wp-content\/uploads\/AlpinApartments_RentaBike-2048x1366.jpg 2048w\" sizes=\"(max-width: 2560px) 100vw, 2560px\" \/><\/figure>\n\n<div class=\"gb-headline gb-headline-304a60cd gb-headline-text\"><span class=\"post-term-item term-au\">Au<\/span>, <span class=\"post-term-item term-familie-en\">Family<\/span>, <span class=\"post-term-item term-mellau-en\">Mellau<\/span>, <span class=\"post-term-item term-summer-en\">Summer<\/span><\/div>\n\n<h2 class=\"gb-headline gb-headline-6a9dcc8d gb-headline-text\">Rent a Bike<\/h2>\n\n<div class=\"gb-headline gb-headline-b9e0e0a3 gb-headline-text\">Exploring the Bregenzerwald on 2 wheels is definitely a great way to make the most of your vacation.\nThere are 2 specialist stores in Mellau that offer everything to do with bikes. Expert advice included.<\/div>\n\n<a class=\"gb-button gb-button-cdb49e9a gb-button-text gb-button-secondary\" href=\"https:\/\/www.alpinapartments.at\/en\/region\/rent-a-bike\/\">Learn more<\/a>\n<\/div><\/div>\n\n<div class=\"gb-grid-column gb-grid-column-af0b7590 gb-query-loop-item post-38391 post_type_activities type-post_type_activities status-publish has-post-thumbnail hentry aktivitaeten-kategorie-damuels-en aktivitaeten-kategorie-familie-en aktivitaeten-kategorie-winter-en\"><div class=\"gb-container gb-container-af0b7590\">\n<figure class=\"gb-block-image gb-block-image-5ce835e3\"><img decoding=\"async\" width=\"2560\" height=\"1709\" src=\"https:\/\/www.alpinapartments.at\/wp-content\/uploads\/alpinapartments-winterwandern-c-huber-images.jpg\" class=\"gb-image-5ce835e3\" alt=\"Winterwanderung\" srcset=\"https:\/\/www.alpinapartments.at\/wp-content\/uploads\/alpinapartments-winterwandern-c-huber-images.jpg 2560w, https:\/\/www.alpinapartments.at\/wp-content\/uploads\/alpinapartments-winterwandern-c-huber-images-300x200.jpg 300w, https:\/\/www.alpinapartments.at\/wp-content\/uploads\/alpinapartments-winterwandern-c-huber-images-1024x684.jpg 1024w, https:\/\/www.alpinapartments.at\/wp-content\/uploads\/alpinapartments-winterwandern-c-huber-images-768x513.jpg 768w, https:\/\/www.alpinapartments.at\/wp-content\/uploads\/alpinapartments-winterwandern-c-huber-images-1536x1025.jpg 1536w, https:\/\/www.alpinapartments.at\/wp-content\/uploads\/alpinapartments-winterwandern-c-huber-images-2048x1367.jpg 2048w\" sizes=\"(max-width: 2560px) 100vw, 2560px\" \/><\/figure>\n\n<div class=\"gb-headline gb-headline-304a60cd gb-headline-text\"><span class=\"post-term-item term-damuels-en\">Dam\u00fcls<\/span>, <span class=\"post-term-item term-familie-en\">Family<\/span>, <span class=\"post-term-item term-winter-en\">Winter<\/span><\/div>\n\n<h2 class=\"gb-headline gb-headline-6a9dcc8d gb-headline-text\">Winter\u00ad\u00ad hiking<\/h2>\n\n<div class=\"gb-headline gb-headline-b9e0e0a3 gb-headline-text\">Dam\u00fcls Faschina is well-known for its substantial snow reliability, making it popular among winter and snowshoe hikers from near and far. The region around Faschinajoch offers plenty of variety for both beginners and experienced hikers.<\/div>\n\n<a class=\"gb-button gb-button-cdb49e9a gb-button-text gb-button-secondary\" href=\"https:\/\/www.alpinapartments.at\/en\/region\/winter-hiking\/\">Learn more<\/a>\n<\/div><\/div>\n\n<div class=\"gb-grid-column gb-grid-column-af0b7590 gb-query-loop-item post-39562 post_type_activities type-post_type_activities status-publish has-post-thumbnail hentry aktivitaeten-kategorie-au aktivitaeten-kategorie-damuels-en aktivitaeten-kategorie-mellau aktivitaeten-kategorie-mellau-en aktivitaeten-kategorie-summer-en\"><div class=\"gb-container gb-container-af0b7590\">\n<figure class=\"gb-block-image gb-block-image-5ce835e3\"><img decoding=\"async\" width=\"2560\" height=\"1706\" src=\"https:\/\/www.alpinapartments.at\/wp-content\/uploads\/Kanisfluh-Mellau-Bregenzerwald-c-Markus-Gmeiner-Vorarlberg-Tourismus-GmbH.jpg\" class=\"gb-image-5ce835e3\" alt=\"\" srcset=\"https:\/\/www.alpinapartments.at\/wp-content\/uploads\/Kanisfluh-Mellau-Bregenzerwald-c-Markus-Gmeiner-Vorarlberg-Tourismus-GmbH.jpg 2560w, https:\/\/www.alpinapartments.at\/wp-content\/uploads\/Kanisfluh-Mellau-Bregenzerwald-c-Markus-Gmeiner-Vorarlberg-Tourismus-GmbH-300x200.jpg 300w, https:\/\/www.alpinapartments.at\/wp-content\/uploads\/Kanisfluh-Mellau-Bregenzerwald-c-Markus-Gmeiner-Vorarlberg-Tourismus-GmbH-1024x682.jpg 1024w, https:\/\/www.alpinapartments.at\/wp-content\/uploads\/Kanisfluh-Mellau-Bregenzerwald-c-Markus-Gmeiner-Vorarlberg-Tourismus-GmbH-768x512.jpg 768w, https:\/\/www.alpinapartments.at\/wp-content\/uploads\/Kanisfluh-Mellau-Bregenzerwald-c-Markus-Gmeiner-Vorarlberg-Tourismus-GmbH-1536x1024.jpg 1536w, https:\/\/www.alpinapartments.at\/wp-content\/uploads\/Kanisfluh-Mellau-Bregenzerwald-c-Markus-Gmeiner-Vorarlberg-Tourismus-GmbH-2048x1365.jpg 2048w\" sizes=\"(max-width: 2560px) 100vw, 2560px\" \/><\/figure>\n\n<div class=\"gb-headline gb-headline-304a60cd gb-headline-text\"><span class=\"post-term-item term-au\">Au<\/span>, <span class=\"post-term-item term-damuels-en\">Dam\u00fcls<\/span>, <span class=\"post-term-item term-mellau\">Mellau<\/span>, <span class=\"post-term-item term-mellau-en\">Mellau<\/span>, <span class=\"post-term-item term-summer-en\">Summer<\/span><\/div>\n\n<h2 class=\"gb-headline gb-headline-6a9dcc8d gb-headline-text\">Mountain Biking<\/h2>\n\n<div class=\"gb-headline gb-headline-b9e0e0a3 gb-headline-text\">There is also something for every taste for mountain bikers in Mellau. If you like to enjoy the view, choose the beautiful cycle path through the Enge Vors\u00e4\u00df. This is pure idyll. The cycle path leads all the way to Schoppernau. Mellau also offers its guests an attractive range of guided e-bike tours.<\/div>\n\n<a class=\"gb-button gb-button-cdb49e9a gb-button-text gb-button-secondary\" href=\"https:\/\/www.alpinapartments.at\/en\/region\/mountain-biking-in-mellau\/\">Learn more<\/a>\n<\/div><\/div>\n\n<div class=\"gb-grid-column gb-grid-column-af0b7590 gb-query-loop-item post-38393 post_type_activities type-post_type_activities status-publish has-post-thumbnail hentry aktivitaeten-kategorie-damuels-en aktivitaeten-kategorie-winter-en\"><div class=\"gb-container gb-container-af0b7590\">\n<figure class=\"gb-block-image gb-block-image-5ce835e3\"><img decoding=\"async\" width=\"2560\" height=\"1707\" src=\"https:\/\/www.alpinapartments.at\/wp-content\/uploads\/alpinapartments-skifahre-c-lukas-holland.jpg\" class=\"gb-image-5ce835e3\" alt=\"Skifahren\" srcset=\"https:\/\/www.alpinapartments.at\/wp-content\/uploads\/alpinapartments-skifahre-c-lukas-holland.jpg 2560w, https:\/\/www.alpinapartments.at\/wp-content\/uploads\/alpinapartments-skifahre-c-lukas-holland-300x200.jpg 300w, https:\/\/www.alpinapartments.at\/wp-content\/uploads\/alpinapartments-skifahre-c-lukas-holland-1024x683.jpg 1024w, https:\/\/www.alpinapartments.at\/wp-content\/uploads\/alpinapartments-skifahre-c-lukas-holland-768x512.jpg 768w, https:\/\/www.alpinapartments.at\/wp-content\/uploads\/alpinapartments-skifahre-c-lukas-holland-1536x1024.jpg 1536w, https:\/\/www.alpinapartments.at\/wp-content\/uploads\/alpinapartments-skifahre-c-lukas-holland-2048x1366.jpg 2048w\" sizes=\"(max-width: 2560px) 100vw, 2560px\" \/><\/figure>\n\n<div class=\"gb-headline gb-headline-304a60cd gb-headline-text\"><span class=\"post-term-item term-damuels-en\">Dam\u00fcls<\/span>, <span class=\"post-term-item term-winter-en\">Winter<\/span><\/div>\n\n<h2 class=\"gb-headline gb-headline-6a9dcc8d gb-headline-text\">Skiing<\/h2>\n\n<div class=\"gb-headline gb-headline-b9e0e0a3 gb-headline-text\">The snow-sure ski area Dam\u00fcls-Mellau, together with the Faschina ski area, forms the largest ski resort in the Bregenzerwald and one of the largest ski areas in Vorarlberg. In the snow-sure Dam\u00fcls Faschina, you can stay in hotels right by the slopes! That&#8217;s pure skiing enjoyment!<\/div>\n\n<a class=\"gb-button gb-button-cdb49e9a gb-button-text gb-button-secondary\" href=\"https:\/\/www.alpinapartments.at\/en\/region\/skiing\/\">Learn more<\/a>\n<\/div><\/div>\n\n<div class=\"gb-grid-column gb-grid-column-af0b7590 gb-query-loop-item post-38399 post_type_activities type-post_type_activities status-publish has-post-thumbnail hentry aktivitaeten-kategorie-au aktivitaeten-kategorie-damuels-en aktivitaeten-kategorie-mellau-en aktivitaeten-kategorie-summer-en\"><div class=\"gb-container gb-container-af0b7590\">\n<figure class=\"gb-block-image gb-block-image-5ce835e3\"><img decoding=\"async\" width=\"2560\" height=\"1709\" src=\"https:\/\/www.alpinapartments.at\/wp-content\/uploads\/alpinapartments-uga-express-c-Huber-Images.jpg\" class=\"gb-image-5ce835e3\" alt=\"\" srcset=\"https:\/\/www.alpinapartments.at\/wp-content\/uploads\/alpinapartments-uga-express-c-Huber-Images.jpg 2560w, https:\/\/www.alpinapartments.at\/wp-content\/uploads\/alpinapartments-uga-express-c-Huber-Images-300x200.jpg 300w, https:\/\/www.alpinapartments.at\/wp-content\/uploads\/alpinapartments-uga-express-c-Huber-Images-1024x684.jpg 1024w, https:\/\/www.alpinapartments.at\/wp-content\/uploads\/alpinapartments-uga-express-c-Huber-Images-768x513.jpg 768w, https:\/\/www.alpinapartments.at\/wp-content\/uploads\/alpinapartments-uga-express-c-Huber-Images-1536x1025.jpg 1536w, https:\/\/www.alpinapartments.at\/wp-content\/uploads\/alpinapartments-uga-express-c-Huber-Images-2048x1367.jpg 2048w\" sizes=\"(max-width: 2560px) 100vw, 2560px\" \/><\/figure>\n\n<div class=\"gb-headline gb-headline-304a60cd gb-headline-text\"><span class=\"post-term-item term-au\">Au<\/span>, <span class=\"post-term-item term-damuels-en\">Dam\u00fcls<\/span>, <span class=\"post-term-item term-mellau-en\">Mellau<\/span>, <span class=\"post-term-item term-summer-en\">Summer<\/span><\/div>\n\n<h2 class=\"gb-headline gb-headline-6a9dcc8d gb-headline-text\">Bregenzer\u00adwald Guest Card<\/h2>\n\n<div class=\"gb-headline gb-headline-b9e0e0a3 gb-headline-text\">In the mountainous region of Dam\u00fcls Faschina, there&#8217;s a lot for you to discover. The free Bregenzerwald Guest Card serves as your ticket to mountain experiences in the Bregenzerwald and Gro\u00dfes Walsertal. The card is valid for unlimited rides on cable cars and buses, as well as entries to the region&#8217;s outdoor pools.<\/div>\n\n<a class=\"gb-button gb-button-cdb49e9a gb-button-text gb-button-secondary\" href=\"https:\/\/www.alpinapartments.at\/en\/region\/bregenzerwald-guest-card\/\">Learn more<\/a>\n<\/div><\/div>\n\n<div class=\"gb-grid-column gb-grid-column-af0b7590 gb-query-loop-item post-39548 post_type_activities type-post_type_activities status-publish has-post-thumbnail hentry aktivitaeten-kategorie-mellau-en aktivitaeten-kategorie-winter-en\"><div class=\"gb-container gb-container-af0b7590\">\n<figure class=\"gb-block-image gb-block-image-5ce835e3\"><img decoding=\"async\" width=\"2560\" height=\"1706\" src=\"https:\/\/www.alpinapartments.at\/wp-content\/uploads\/Pause-beim-Winterwandern-in-Bizau-c-Alex-Kaiser-Bregenzerwald-Tourismus.jpg\" class=\"gb-image-5ce835e3\" alt=\"\" srcset=\"https:\/\/www.alpinapartments.at\/wp-content\/uploads\/Pause-beim-Winterwandern-in-Bizau-c-Alex-Kaiser-Bregenzerwald-Tourismus.jpg 2560w, https:\/\/www.alpinapartments.at\/wp-content\/uploads\/Pause-beim-Winterwandern-in-Bizau-c-Alex-Kaiser-Bregenzerwald-Tourismus-300x200.jpg 300w, https:\/\/www.alpinapartments.at\/wp-content\/uploads\/Pause-beim-Winterwandern-in-Bizau-c-Alex-Kaiser-Bregenzerwald-Tourismus-1024x682.jpg 1024w, https:\/\/www.alpinapartments.at\/wp-content\/uploads\/Pause-beim-Winterwandern-in-Bizau-c-Alex-Kaiser-Bregenzerwald-Tourismus-768x512.jpg 768w, https:\/\/www.alpinapartments.at\/wp-content\/uploads\/Pause-beim-Winterwandern-in-Bizau-c-Alex-Kaiser-Bregenzerwald-Tourismus-1536x1024.jpg 1536w, https:\/\/www.alpinapartments.at\/wp-content\/uploads\/Pause-beim-Winterwandern-in-Bizau-c-Alex-Kaiser-Bregenzerwald-Tourismus-2048x1365.jpg 2048w\" sizes=\"(max-width: 2560px) 100vw, 2560px\" \/><\/figure>\n\n<div class=\"gb-headline gb-headline-304a60cd gb-headline-text\"><span class=\"post-term-item term-mellau-en\">Mellau<\/span>, <span class=\"post-term-item term-winter-en\">Winter<\/span><\/div>\n\n<h2 class=\"gb-headline gb-headline-6a9dcc8d gb-headline-text\">Winter Hiking<\/h2>\n\n<div class=\"gb-headline gb-headline-b9e0e0a3 gb-headline-text\">The fantastic winter landscape can of course also be explored on foot.\nSimply follow the pink signs. Mellau offers its guests numerous winter hiking trails, which are groomed daily. Whether short or long, there is something for every taste.<\/div>\n\n<a class=\"gb-button gb-button-cdb49e9a gb-button-text gb-button-secondary\" href=\"https:\/\/www.alpinapartments.at\/en\/region\/winter-hiking-2\/\">Learn more<\/a>\n<\/div><\/div>\n\n<div class=\"gb-grid-column gb-grid-column-af0b7590 gb-query-loop-item post-39560 post_type_activities type-post_type_activities status-publish has-post-thumbnail hentry aktivitaeten-kategorie-mellau aktivitaeten-kategorie-mellau-en aktivitaeten-kategorie-winter-en\"><div class=\"gb-container gb-container-af0b7590\">\n<figure class=\"gb-block-image gb-block-image-5ce835e3\"><img decoding=\"async\" width=\"2560\" height=\"1705\" src=\"https:\/\/www.alpinapartments.at\/wp-content\/uploads\/AlpinApartments_schifahren.jpg\" class=\"gb-image-5ce835e3\" alt=\"\" srcset=\"https:\/\/www.alpinapartments.at\/wp-content\/uploads\/AlpinApartments_schifahren.jpg 2560w, https:\/\/www.alpinapartments.at\/wp-content\/uploads\/AlpinApartments_schifahren-300x200.jpg 300w, https:\/\/www.alpinapartments.at\/wp-content\/uploads\/AlpinApartments_schifahren-1024x682.jpg 1024w, https:\/\/www.alpinapartments.at\/wp-content\/uploads\/AlpinApartments_schifahren-768x512.jpg 768w, https:\/\/www.alpinapartments.at\/wp-content\/uploads\/AlpinApartments_schifahren-1536x1023.jpg 1536w, https:\/\/www.alpinapartments.at\/wp-content\/uploads\/AlpinApartments_schifahren-2048x1364.jpg 2048w\" sizes=\"(max-width: 2560px) 100vw, 2560px\" \/><\/figure>\n\n<div class=\"gb-headline gb-headline-304a60cd gb-headline-text\"><span class=\"post-term-item term-mellau\">Mellau<\/span>, <span class=\"post-term-item term-mellau-en\">Mellau<\/span>, <span class=\"post-term-item term-winter-en\">Winter<\/span><\/div>\n\n<h2 class=\"gb-headline gb-headline-6a9dcc8d gb-headline-text\">Skiing<\/h2>\n\n<div class=\"gb-headline gb-headline-b9e0e0a3 gb-headline-text\">With the Mellaubahn lift right on the doorstep, pure skiing pleasure is guaranteed. It leads from the valley up to the Ro\u00dfstelle and offers easy access to the Dam\u00fcls-Mellau ski area.\n\nWith 109 kilometers of pistes and 27 lifts and cable cars, Dam\u00fcls-Mellau is the largest ski area in the Bregenzerwald. The combination of sunny pistes and north-facing slopes guarantees ideal snow conditions at all times.<\/div>\n\n<a class=\"gb-button gb-button-cdb49e9a gb-button-text gb-button-secondary\" href=\"https:\/\/www.alpinapartments.at\/en\/region\/skiing-in-the-damuls-mellau-ski-area\/\">Learn more<\/a>\n<\/div><\/div>\n\n<div class=\"gb-grid-column gb-grid-column-af0b7590 gb-query-loop-item post-38395 post_type_activities type-post_type_activities status-publish has-post-thumbnail hentry aktivitaeten-kategorie-damuels-en aktivitaeten-kategorie-summer-en\"><div class=\"gb-container gb-container-af0b7590\">\n<figure class=\"gb-block-image gb-block-image-5ce835e3\"><img decoding=\"async\" width=\"2560\" height=\"1708\" src=\"https:\/\/www.alpinapartments.at\/wp-content\/uploads\/alpinapartments-wandern-c-tom-klocker.jpg\" class=\"gb-image-5ce835e3\" alt=\"Wandern\" srcset=\"https:\/\/www.alpinapartments.at\/wp-content\/uploads\/alpinapartments-wandern-c-tom-klocker.jpg 2560w, https:\/\/www.alpinapartments.at\/wp-content\/uploads\/alpinapartments-wandern-c-tom-klocker-300x200.jpg 300w, https:\/\/www.alpinapartments.at\/wp-content\/uploads\/alpinapartments-wandern-c-tom-klocker-1024x683.jpg 1024w, https:\/\/www.alpinapartments.at\/wp-content\/uploads\/alpinapartments-wandern-c-tom-klocker-768x512.jpg 768w, https:\/\/www.alpinapartments.at\/wp-content\/uploads\/alpinapartments-wandern-c-tom-klocker-1536x1025.jpg 1536w, https:\/\/www.alpinapartments.at\/wp-content\/uploads\/alpinapartments-wandern-c-tom-klocker-2048x1366.jpg 2048w\" sizes=\"(max-width: 2560px) 100vw, 2560px\" \/><\/figure>\n\n<div class=\"gb-headline gb-headline-304a60cd gb-headline-text\"><span class=\"post-term-item term-damuels-en\">Dam\u00fcls<\/span>, <span class=\"post-term-item term-summer-en\">Summer<\/span><\/div>\n\n<h2 class=\"gb-headline gb-headline-6a9dcc8d gb-headline-text\">Hiking &amp; Mountaineering<\/h2>\n\n<div class=\"gb-headline gb-headline-b9e0e0a3 gb-headline-text\">In the region, hiking on over 200 kilometers of marked trails of all difficulty levels takes the top spot. Additionally, there is a local association called BERGaktiv, which offers at least one guided hike daily. The network of mountain bike routes in the region has been continuously expanding.<\/div>\n\n<a class=\"gb-button gb-button-cdb49e9a gb-button-text gb-button-secondary\" href=\"https:\/\/www.alpinapartments.at\/en\/region\/hiking-mountaineering\/\">Learn more<\/a>\n<\/div><\/div>\n\n<div class=\"gb-grid-column gb-grid-column-af0b7590 gb-query-loop-item post-39546 post_type_activities type-post_type_activities status-publish has-post-thumbnail hentry aktivitaeten-kategorie-damuels-en aktivitaeten-kategorie-mellau-en aktivitaeten-kategorie-winter-en\"><div class=\"gb-container gb-container-af0b7590\">\n<figure class=\"gb-block-image gb-block-image-5ce835e3\"><img decoding=\"async\" width=\"2560\" height=\"1705\" src=\"https:\/\/www.alpinapartments.at\/wp-content\/uploads\/AlpinApartments_rentaski.jpg\" class=\"gb-image-5ce835e3\" alt=\"\" srcset=\"https:\/\/www.alpinapartments.at\/wp-content\/uploads\/AlpinApartments_rentaski.jpg 2560w, https:\/\/www.alpinapartments.at\/wp-content\/uploads\/AlpinApartments_rentaski-300x200.jpg 300w, https:\/\/www.alpinapartments.at\/wp-content\/uploads\/AlpinApartments_rentaski-1024x682.jpg 1024w, https:\/\/www.alpinapartments.at\/wp-content\/uploads\/AlpinApartments_rentaski-768x512.jpg 768w, https:\/\/www.alpinapartments.at\/wp-content\/uploads\/AlpinApartments_rentaski-1536x1023.jpg 1536w, https:\/\/www.alpinapartments.at\/wp-content\/uploads\/AlpinApartments_rentaski-2048x1364.jpg 2048w\" sizes=\"(max-width: 2560px) 100vw, 2560px\" \/><\/figure>\n\n<div class=\"gb-headline gb-headline-304a60cd gb-headline-text\"><span class=\"post-term-item term-damuels-en\">Dam\u00fcls<\/span>, <span class=\"post-term-item term-mellau-en\">Mellau<\/span>, <span class=\"post-term-item term-winter-en\">Winter<\/span><\/div>\n\n<h2 class=\"gb-headline gb-headline-6a9dcc8d gb-headline-text\">Rent a Ski<\/h2>\n\n<div class=\"gb-headline gb-headline-b9e0e0a3 gb-headline-text\">Have you left your ski equipment at home due to lack of space, would you like to try out skiing or even test the latest craze among ski connoisseurs?\nThen Sport Broger and Sport Natter in Mellau is the right place for you.<\/div>\n\n<a class=\"gb-button gb-button-cdb49e9a gb-button-text gb-button-secondary\" href=\"https:\/\/www.alpinapartments.at\/en\/region\/rent-a-ski\/\">Learn more<\/a>\n<\/div><\/div>\n<\/div>\n\n<\/div>\n\n<div class=\"gb-container gb-container-4a71b383 gb-container-inner\">\n<div class=\"gb-container gb-container-af7d5400 contact-cta\">\n\n<h2 class=\"gb-headline gb-headline-a50464ef gb-headline-text\">We look forward to seeing you<\/h2>\n\n\n\n<a class=\"gb-button gb-button-2ffc0900 gb-button-text btn-fill-light\" href=\"https:\/\/booking.alpinapartments.at\/vermietung\/zu_mieten-vermietung-d0\/\" target=\"_blank\" rel=\"noopener noreferrer\">Book now<\/a>\n\n\n\n<a class=\"gb-button gb-button-fa0677f9 gb-button-text btn-outline-light\" href=\"https:\/\/www.alpinapartments.at\/en\/contact\/\">Contact<\/a>\n\n<\/div>\n<\/div>\n\n<div class=\"gb-container gb-container-fece98d3 gb-container-outer-light\">\n\n<figure class=\"wp-block-gallery has-nested-images columns-4 is-cropped wp-block-gallery-1 is-layout-flex wp-block-gallery-is-layout-flex\">\n<figure class=\"wp-block-image size-large\"><img decoding=\"async\" width=\"1024\" height=\"683\" data-id=\"35423\" src=\"https:\/\/www.alpinapartments.at\/wp-content\/uploads\/alpinapartments-hoelderle-terasse1-1024x683.jpg\" alt=\"Alpin Apartments H\u00f6lderle\" class=\"wp-image-35423\" srcset=\"https:\/\/www.alpinapartments.at\/wp-content\/uploads\/alpinapartments-hoelderle-terasse1-1024x683.jpg 1024w, https:\/\/www.alpinapartments.at\/wp-content\/uploads\/alpinapartments-hoelderle-terasse1-300x200.jpg 300w, https:\/\/www.alpinapartments.at\/wp-content\/uploads\/alpinapartments-hoelderle-terasse1-768x512.jpg 768w, https:\/\/www.alpinapartments.at\/wp-content\/uploads\/alpinapartments-hoelderle-terasse1-1536x1024.jpg 1536w, https:\/\/www.alpinapartments.at\/wp-content\/uploads\/alpinapartments-hoelderle-terasse1.jpg 2048w\" sizes=\"(max-width: 1024px) 100vw, 1024px\" \/><\/figure>\n\n\n\n<figure class=\"wp-block-image size-large\"><img decoding=\"async\" width=\"1024\" height=\"682\" data-id=\"37202\" src=\"https:\/\/www.alpinapartments.at\/wp-content\/uploads\/alpinapartments-hoelderle-top10-5-1024x682.jpg\" alt=\"Alpin Apartments H\u00f6lderle Top 10\" class=\"wp-image-37202\" srcset=\"https:\/\/www.alpinapartments.at\/wp-content\/uploads\/alpinapartments-hoelderle-top10-5-1024x682.jpg 1024w, https:\/\/www.alpinapartments.at\/wp-content\/uploads\/alpinapartments-hoelderle-top10-5-300x200.jpg 300w, https:\/\/www.alpinapartments.at\/wp-content\/uploads\/alpinapartments-hoelderle-top10-5-768x512.jpg 768w, https:\/\/www.alpinapartments.at\/wp-content\/uploads\/alpinapartments-hoelderle-top10-5-1536x1024.jpg 1536w, https:\/\/www.alpinapartments.at\/wp-content\/uploads\/alpinapartments-hoelderle-top10-5-2048x1365.jpg 2048w\" sizes=\"(max-width: 1024px) 100vw, 1024px\" \/><\/figure>\n\n\n\n<figure class=\"wp-block-image size-large\"><img decoding=\"async\" width=\"1024\" height=\"682\" data-id=\"37830\" src=\"https:\/\/www.alpinapartments.at\/wp-content\/uploads\/Hoelderle_Top4_Wohnzimmer-1024x682.jpg\" alt=\"\" class=\"wp-image-37830\" srcset=\"https:\/\/www.alpinapartments.at\/wp-content\/uploads\/Hoelderle_Top4_Wohnzimmer-1024x682.jpg 1024w, https:\/\/www.alpinapartments.at\/wp-content\/uploads\/Hoelderle_Top4_Wohnzimmer-300x200.jpg 300w, https:\/\/www.alpinapartments.at\/wp-content\/uploads\/Hoelderle_Top4_Wohnzimmer-768x512.jpg 768w, https:\/\/www.alpinapartments.at\/wp-content\/uploads\/Hoelderle_Top4_Wohnzimmer-1536x1023.jpg 1536w, https:\/\/www.alpinapartments.at\/wp-content\/uploads\/Hoelderle_Top4_Wohnzimmer-2048x1364.jpg 2048w\" sizes=\"(max-width: 1024px) 100vw, 1024px\" \/><\/figure>\n\n\n\n<figure class=\"wp-block-image size-large\"><img decoding=\"async\" width=\"1024\" height=\"682\" data-id=\"37832\" src=\"https:\/\/www.alpinapartments.at\/wp-content\/uploads\/Hoelderle_Top12_Schlafzimmer3-1024x682.jpg\" alt=\"\" class=\"wp-image-37832\" srcset=\"https:\/\/www.alpinapartments.at\/wp-content\/uploads\/Hoelderle_Top12_Schlafzimmer3-1024x682.jpg 1024w, https:\/\/www.alpinapartments.at\/wp-content\/uploads\/Hoelderle_Top12_Schlafzimmer3-300x200.jpg 300w, https:\/\/www.alpinapartments.at\/wp-content\/uploads\/Hoelderle_Top12_Schlafzimmer3-768x512.jpg 768w, https:\/\/www.alpinapartments.at\/wp-content\/uploads\/Hoelderle_Top12_Schlafzimmer3-1536x1023.jpg 1536w, https:\/\/www.alpinapartments.at\/wp-content\/uploads\/Hoelderle_Top12_Schlafzimmer3-2048x1364.jpg 2048w\" sizes=\"(max-width: 1024px) 100vw, 1024px\" \/><\/figure>\n\n\n\n<figure class=\"wp-block-image size-large\"><img decoding=\"async\" width=\"1024\" height=\"683\" data-id=\"37226\" src=\"https:\/\/www.alpinapartments.at\/wp-content\/uploads\/alpinapartments-hoelderle-top11-7-1024x683.jpg\" alt=\"Alpin Apartments H\u00f6lderle Top 11\" class=\"wp-image-37226\" srcset=\"https:\/\/www.alpinapartments.at\/wp-content\/uploads\/alpinapartments-hoelderle-top11-7-1024x683.jpg 1024w, https:\/\/www.alpinapartments.at\/wp-content\/uploads\/alpinapartments-hoelderle-top11-7-300x200.jpg 300w, https:\/\/www.alpinapartments.at\/wp-content\/uploads\/alpinapartments-hoelderle-top11-7-768x512.jpg 768w, https:\/\/www.alpinapartments.at\/wp-content\/uploads\/alpinapartments-hoelderle-top11-7-1536x1024.jpg 1536w, https:\/\/www.alpinapartments.at\/wp-content\/uploads\/alpinapartments-hoelderle-top11-7-2048x1366.jpg 2048w\" sizes=\"(max-width: 1024px) 100vw, 1024px\" \/><\/figure>\n\n\n\n<figure class=\"wp-block-image size-large\"><img decoding=\"async\" width=\"1024\" height=\"688\" data-id=\"35420\" src=\"https:\/\/www.alpinapartments.at\/wp-content\/uploads\/alpinapartments-hoelderle-schlafzimmer-4-1024x688.jpg\" alt=\"Alpin Apartments H\u00f6lderle Dam\u00fcls Schlafzimmer\" class=\"wp-image-35420\" srcset=\"https:\/\/www.alpinapartments.at\/wp-content\/uploads\/alpinapartments-hoelderle-schlafzimmer-4-1024x688.jpg 1024w, https:\/\/www.alpinapartments.at\/wp-content\/uploads\/alpinapartments-hoelderle-schlafzimmer-4-300x201.jpg 300w, https:\/\/www.alpinapartments.at\/wp-content\/uploads\/alpinapartments-hoelderle-schlafzimmer-4-768x516.jpg 768w, https:\/\/www.alpinapartments.at\/wp-content\/uploads\/alpinapartments-hoelderle-schlafzimmer-4-1536x1031.jpg 1536w, https:\/\/www.alpinapartments.at\/wp-content\/uploads\/alpinapartments-hoelderle-schlafzimmer-4-2048x1375.jpg 2048w\" sizes=\"(max-width: 1024px) 100vw, 1024px\" \/><\/figure>\n\n\n\n<figure class=\"wp-block-image size-large\"><img decoding=\"async\" width=\"1024\" height=\"683\" data-id=\"38213\" src=\"https:\/\/www.alpinapartments.at\/wp-content\/uploads\/Details_Fruehstueck_03-1024x683.jpg\" alt=\"\" class=\"wp-image-38213\" srcset=\"https:\/\/www.alpinapartments.at\/wp-content\/uploads\/Details_Fruehstueck_03-1024x683.jpg 1024w, https:\/\/www.alpinapartments.at\/wp-content\/uploads\/Details_Fruehstueck_03-300x200.jpg 300w, https:\/\/www.alpinapartments.at\/wp-content\/uploads\/Details_Fruehstueck_03-768x512.jpg 768w, https:\/\/www.alpinapartments.at\/wp-content\/uploads\/Details_Fruehstueck_03-1536x1025.jpg 1536w, https:\/\/www.alpinapartments.at\/wp-content\/uploads\/Details_Fruehstueck_03-2048x1366.jpg 2048w\" sizes=\"(max-width: 1024px) 100vw, 1024px\" \/><\/figure>\n\n\n\n<figure class=\"wp-block-image size-large\"><img decoding=\"async\" width=\"1024\" height=\"682\" data-id=\"37111\" src=\"https:\/\/www.alpinapartments.at\/wp-content\/uploads\/alpinapartments-hoelderle-top2-9-1024x682.jpg\" alt=\"Alpin Apartments H\u00f6lderle Top 2\" class=\"wp-image-37111\" srcset=\"https:\/\/www.alpinapartments.at\/wp-content\/uploads\/alpinapartments-hoelderle-top2-9-1024x682.jpg 1024w, https:\/\/www.alpinapartments.at\/wp-content\/uploads\/alpinapartments-hoelderle-top2-9-300x200.jpg 300w, https:\/\/www.alpinapartments.at\/wp-content\/uploads\/alpinapartments-hoelderle-top2-9-768x512.jpg 768w, https:\/\/www.alpinapartments.at\/wp-content\/uploads\/alpinapartments-hoelderle-top2-9-1536x1023.jpg 1536w, https:\/\/www.alpinapartments.at\/wp-content\/uploads\/alpinapartments-hoelderle-top2-9-2048x1364.jpg 2048w\" sizes=\"(max-width: 1024px) 100vw, 1024px\" \/><\/figure>\n<\/figure>\n\n<\/div>","protected":false},"excerpt":{"rendered":"<p>The Dam\u00fcls Region Snowiest village in the world&nbsp; 9\u201310 meters of natural snow every winter.Guaranteed snow from December to April. The ski paradise at your doorstep Start your ski day without traffic or waiting. At Alpenstolz, you can even carve straight from your doorstep onto the slopes. Land of swings&nbsp; Dam\u00fcls is also known as &#8230; <a title=\"Region\" class=\"read-more\" href=\"https:\/\/www.alpinapartments.at\/en\/region\/\" aria-label=\"Read more about Region\">Read more<\/a><\/p>\n","protected":false},"author":4,"featured_media":0,"parent":0,"menu_order":0,"comment_status":"closed","ping_status":"closed","template":"","meta":{"_acf_changed":false,"footnotes":""},"class_list":["post-38365","page","type-page","status-publish"],"acf":[],"yoast_head":"<!-- This site is optimized with the Yoast SEO plugin v27.4 - https:\/\/yoast.com\/product\/yoast-seo-wordpress\/ -->\n<title>Bregenzerwald &amp; Gro\u00dfes Walsertal \u2013 the offer is enticing.<\/title>\n<meta name=\"description\" content=\"In the world&#039;s snowiest village and against the backdrop of the Dam\u00fcls mountains, an Eldorado opens up for every kind of holiday pleasure.\" \/>\n<meta name=\"robots\" content=\"index, follow, max-snippet:-1, max-image-preview:large, max-video-preview:-1\" \/>\n<link rel=\"canonical\" href=\"https:\/\/www.alpinapartments.at\/en\/region\/\" \/>\n<meta property=\"og:locale\" content=\"en_US\" \/>\n<meta property=\"og:type\" content=\"article\" \/>\n<meta property=\"og:title\" content=\"Bregenzerwald &amp; Gro\u00dfes Walsertal \u2013 the offer is enticing.\" \/>\n<meta property=\"og:description\" content=\"In the world&#039;s snowiest village and against the backdrop of the Dam\u00fcls mountains, an Eldorado opens up for every kind of holiday pleasure.\" \/>\n<meta property=\"og:url\" content=\"https:\/\/www.alpinapartments.at\/en\/region\/\" \/>\n<meta property=\"og:site_name\" content=\"Alpin Apartments\" \/>\n<meta property=\"article:publisher\" content=\"https:\/\/www.facebook.com\/profile.php?id=100067680065322\" \/>\n<meta property=\"article:modified_time\" content=\"2025-12-19T07:39:16+00:00\" \/>\n<meta property=\"og:image\" content=\"https:\/\/www.alpinapartments.at\/wp-content\/uploads\/Kanisfluh4-scaled.jpg\" \/>\n<meta name=\"twitter:card\" content=\"summary_large_image\" \/>\n<meta name=\"twitter:label1\" content=\"Est. reading time\" \/>\n\t<meta name=\"twitter:data1\" content=\"6 minutes\" \/>\n<script type=\"application\/ld+json\" class=\"yoast-schema-graph\">{\"@context\":\"https:\\\/\\\/schema.org\",\"@graph\":[{\"@type\":\"WebPage\",\"@id\":\"https:\\\/\\\/www.alpinapartments.at\\\/en\\\/region\\\/\",\"url\":\"https:\\\/\\\/www.alpinapartments.at\\\/en\\\/region\\\/\",\"name\":\"Bregenzerwald & Gro\u00dfes Walsertal \u2013 the offer is enticing.\",\"isPartOf\":{\"@id\":\"https:\\\/\\\/www.alpinapartments.at\\\/en\\\/#website\"},\"primaryImageOfPage\":{\"@id\":\"https:\\\/\\\/www.alpinapartments.at\\\/en\\\/region\\\/#primaryimage\"},\"image\":{\"@id\":\"https:\\\/\\\/www.alpinapartments.at\\\/en\\\/region\\\/#primaryimage\"},\"thumbnailUrl\":\"https:\\\/\\\/www.alpinapartments.at\\\/wp-content\\\/uploads\\\/Kanisfluh4-scaled.jpg\",\"datePublished\":\"2023-06-21T10:27:06+00:00\",\"dateModified\":\"2025-12-19T07:39:16+00:00\",\"description\":\"In the world's snowiest village and against the backdrop of the Dam\u00fcls mountains, an Eldorado opens up for every kind of holiday pleasure.\",\"breadcrumb\":{\"@id\":\"https:\\\/\\\/www.alpinapartments.at\\\/en\\\/region\\\/#breadcrumb\"},\"inLanguage\":\"en-US\",\"potentialAction\":[{\"@type\":\"ReadAction\",\"target\":[\"https:\\\/\\\/www.alpinapartments.at\\\/en\\\/region\\\/\"]}]},{\"@type\":\"ImageObject\",\"inLanguage\":\"en-US\",\"@id\":\"https:\\\/\\\/www.alpinapartments.at\\\/en\\\/region\\\/#primaryimage\",\"url\":\"https:\\\/\\\/www.alpinapartments.at\\\/wp-content\\\/uploads\\\/Kanisfluh4-scaled.jpg\",\"contentUrl\":\"https:\\\/\\\/www.alpinapartments.at\\\/wp-content\\\/uploads\\\/Kanisfluh4-scaled.jpg\"},{\"@type\":\"BreadcrumbList\",\"@id\":\"https:\\\/\\\/www.alpinapartments.at\\\/en\\\/region\\\/#breadcrumb\",\"itemListElement\":[{\"@type\":\"ListItem\",\"position\":1,\"name\":\"Startseite\",\"item\":\"https:\\\/\\\/www.alpinapartments.at\\\/en\\\/\"},{\"@type\":\"ListItem\",\"position\":2,\"name\":\"Region\"}]},{\"@type\":\"WebSite\",\"@id\":\"https:\\\/\\\/www.alpinapartments.at\\\/en\\\/#website\",\"url\":\"https:\\\/\\\/www.alpinapartments.at\\\/en\\\/\",\"name\":\"Alpin Apartments\",\"description\":\"\",\"publisher\":{\"@id\":\"https:\\\/\\\/www.alpinapartments.at\\\/en\\\/#organization\"},\"potentialAction\":[{\"@type\":\"SearchAction\",\"target\":{\"@type\":\"EntryPoint\",\"urlTemplate\":\"https:\\\/\\\/www.alpinapartments.at\\\/en\\\/?s={search_term_string}\"},\"query-input\":{\"@type\":\"PropertyValueSpecification\",\"valueRequired\":true,\"valueName\":\"search_term_string\"}}],\"inLanguage\":\"en-US\"},{\"@type\":\"Organization\",\"@id\":\"https:\\\/\\\/www.alpinapartments.at\\\/en\\\/#organization\",\"name\":\"Alpin Apartments\",\"url\":\"https:\\\/\\\/www.alpinapartments.at\\\/en\\\/\",\"logo\":{\"@type\":\"ImageObject\",\"inLanguage\":\"en-US\",\"@id\":\"https:\\\/\\\/www.alpinapartments.at\\\/en\\\/#\\\/schema\\\/logo\\\/image\\\/\",\"url\":\"https:\\\/\\\/www.alpinapartments.at\\\/wp-content\\\/uploads\\\/alpin-apartments-logo-schwarz.svg\",\"contentUrl\":\"https:\\\/\\\/www.alpinapartments.at\\\/wp-content\\\/uploads\\\/alpin-apartments-logo-schwarz.svg\",\"width\":103,\"height\":110,\"caption\":\"Alpin Apartments\"},\"image\":{\"@id\":\"https:\\\/\\\/www.alpinapartments.at\\\/en\\\/#\\\/schema\\\/logo\\\/image\\\/\"},\"sameAs\":[\"https:\\\/\\\/www.facebook.com\\\/profile.php?id=100067680065322\",\"https:\\\/\\\/www.instagram.com\\\/alpinapartments\\\/?igshid=MzRlODBiNWFlZA\"]}]}<\/script>\n<!-- \/ Yoast SEO plugin. -->","yoast_head_json":{"title":"Bregenzerwald & Gro\u00dfes Walsertal \u2013 the offer is enticing.","description":"In the world's snowiest village and against the backdrop of the Dam\u00fcls mountains, an Eldorado opens up for every kind of holiday pleasure.","robots":{"index":"index","follow":"follow","max-snippet":"max-snippet:-1","max-image-preview":"max-image-preview:large","max-video-preview":"max-video-preview:-1"},"canonical":"https:\/\/www.alpinapartments.at\/en\/region\/","og_locale":"en_US","og_type":"article","og_title":"Bregenzerwald & Gro\u00dfes Walsertal \u2013 the offer is enticing.","og_description":"In the world's snowiest village and against the backdrop of the Dam\u00fcls mountains, an Eldorado opens up for every kind of holiday pleasure.","og_url":"https:\/\/www.alpinapartments.at\/en\/region\/","og_site_name":"Alpin Apartments","article_publisher":"https:\/\/www.facebook.com\/profile.php?id=100067680065322","article_modified_time":"2025-12-19T07:39:16+00:00","og_image":[{"url":"https:\/\/www.alpinapartments.at\/wp-content\/uploads\/Kanisfluh4-scaled.jpg","type":"","width":"","height":""}],"twitter_card":"summary_large_image","twitter_misc":{"Est. reading time":"6 minutes"},"schema":{"@context":"https:\/\/schema.org","@graph":[{"@type":"WebPage","@id":"https:\/\/www.alpinapartments.at\/en\/region\/","url":"https:\/\/www.alpinapartments.at\/en\/region\/","name":"Bregenzerwald & Gro\u00dfes Walsertal \u2013 the offer is enticing.","isPartOf":{"@id":"https:\/\/www.alpinapartments.at\/en\/#website"},"primaryImageOfPage":{"@id":"https:\/\/www.alpinapartments.at\/en\/region\/#primaryimage"},"image":{"@id":"https:\/\/www.alpinapartments.at\/en\/region\/#primaryimage"},"thumbnailUrl":"https:\/\/www.alpinapartments.at\/wp-content\/uploads\/Kanisfluh4-scaled.jpg","datePublished":"2023-06-21T10:27:06+00:00","dateModified":"2025-12-19T07:39:16+00:00","description":"In the world's snowiest village and against the backdrop of the Dam\u00fcls mountains, an Eldorado opens up for every kind of holiday pleasure.","breadcrumb":{"@id":"https:\/\/www.alpinapartments.at\/en\/region\/#breadcrumb"},"inLanguage":"en-US","potentialAction":[{"@type":"ReadAction","target":["https:\/\/www.alpinapartments.at\/en\/region\/"]}]},{"@type":"ImageObject","inLanguage":"en-US","@id":"https:\/\/www.alpinapartments.at\/en\/region\/#primaryimage","url":"https:\/\/www.alpinapartments.at\/wp-content\/uploads\/Kanisfluh4-scaled.jpg","contentUrl":"https:\/\/www.alpinapartments.at\/wp-content\/uploads\/Kanisfluh4-scaled.jpg"},{"@type":"BreadcrumbList","@id":"https:\/\/www.alpinapartments.at\/en\/region\/#breadcrumb","itemListElement":[{"@type":"ListItem","position":1,"name":"Startseite","item":"https:\/\/www.alpinapartments.at\/en\/"},{"@type":"ListItem","position":2,"name":"Region"}]},{"@type":"WebSite","@id":"https:\/\/www.alpinapartments.at\/en\/#website","url":"https:\/\/www.alpinapartments.at\/en\/","name":"Alpin Apartments","description":"","publisher":{"@id":"https:\/\/www.alpinapartments.at\/en\/#organization"},"potentialAction":[{"@type":"SearchAction","target":{"@type":"EntryPoint","urlTemplate":"https:\/\/www.alpinapartments.at\/en\/?s={search_term_string}"},"query-input":{"@type":"PropertyValueSpecification","valueRequired":true,"valueName":"search_term_string"}}],"inLanguage":"en-US"},{"@type":"Organization","@id":"https:\/\/www.alpinapartments.at\/en\/#organization","name":"Alpin Apartments","url":"https:\/\/www.alpinapartments.at\/en\/","logo":{"@type":"ImageObject","inLanguage":"en-US","@id":"https:\/\/www.alpinapartments.at\/en\/#\/schema\/logo\/image\/","url":"https:\/\/www.alpinapartments.at\/wp-content\/uploads\/alpin-apartments-logo-schwarz.svg","contentUrl":"https:\/\/www.alpinapartments.at\/wp-content\/uploads\/alpin-apartments-logo-schwarz.svg","width":103,"height":110,"caption":"Alpin Apartments"},"image":{"@id":"https:\/\/www.alpinapartments.at\/en\/#\/schema\/logo\/image\/"},"sameAs":["https:\/\/www.facebook.com\/profile.php?id=100067680065322","https:\/\/www.instagram.com\/alpinapartments\/?igshid=MzRlODBiNWFlZA"]}]}},"_links":{"self":[{"href":"https:\/\/www.alpinapartments.at\/en\/wp-json\/wp\/v2\/pages\/38365","targetHints":{"allow":["GET"]}}],"collection":[{"href":"https:\/\/www.alpinapartments.at\/en\/wp-json\/wp\/v2\/pages"}],"about":[{"href":"https:\/\/www.alpinapartments.at\/en\/wp-json\/wp\/v2\/types\/page"}],"author":[{"embeddable":true,"href":"https:\/\/www.alpinapartments.at\/en\/wp-json\/wp\/v2\/users\/4"}],"replies":[{"embeddable":true,"href":"https:\/\/www.alpinapartments.at\/en\/wp-json\/wp\/v2\/comments?post=38365"}],"version-history":[{"count":30,"href":"https:\/\/www.alpinapartments.at\/en\/wp-json\/wp\/v2\/pages\/38365\/revisions"}],"predecessor-version":[{"id":41512,"href":"https:\/\/www.alpinapartments.at\/en\/wp-json\/wp\/v2\/pages\/38365\/revisions\/41512"}],"wp:attachment":[{"href":"https:\/\/www.alpinapartments.at\/en\/wp-json\/wp\/v2\/media?parent=38365"}],"curies":[{"name":"wp","href":"https:\/\/api.w.org\/{rel}","templated":true}]}}